{"id":245,"date":"2024-12-10T08:22:50","date_gmt":"2024-12-10T08:22:50","guid":{"rendered":"https:\/\/dolcevitacamping.com\/?page_id=245"},"modified":"2025-12-16T15:41:59","modified_gmt":"2025-12-16T15:41:59","slug":"swimming-pool-saunas","status":"publish","type":"page","link":"https:\/\/campingadler.com\/en\/schwimmbad-saunas\/","title":{"rendered":"Swimming pool &amp; saunas"},"content":{"rendered":"<p>[et_pb_section fb_built=&#8220;1&#8243; disabled_on=&#8220;on|on|off&#8220; module_class=&#8220;tl_modern_hero39&#8243; _builder_version=&#8220;4.27.4&#8243; _module_preset=&#8220;default&#8220; background_color=&#8220;rgba(0,137,174,0.25)&#8220; custom_padding=&#8220;0px||0px||true|false&#8220; locked=&#8220;off&#8220; global_colors_info=&#8220;{}&#8220;][et_pb_row column_structure=&#8220;1_2,1_2&#8243; use_custom_gutter=&#8220;on&#8220; gutter_width=&#8220;1&#8243; disabled_on=&#8220;on|on|off&#8220; _builder_version=&#8220;4.27.4&#8243; _module_preset=&#8220;default&#8220; width=&#8220;100%&#8220; max_width=&#8220;100%&#8220; custom_padding=&#8220;0px||0px||true|false&#8220; custom_css_main_element=&#8220;-webkit-box-align: center !important;||-webkit-align-items: center !important;||-ms-flex-align: center !important;||align-items: center !important;&#8220; locked=&#8220;off&#8220; global_colors_info=&#8220;{}&#8220;][et_pb_column type=&#8220;1_2&#8243; _builder_version=&#8220;4.27.4&#8243; _module_preset=&#8220;default&#8220; custom_padding=&#8220;100px|100px|100px|100px|true|true&#8220; custom_padding_tablet=&#8220;|30px||30px|true|true&#8220; custom_padding_phone=&#8220;|30px||30px|true|true&#8220; custom_padding_last_edited=&#8220;on|desktop&#8220; global_colors_info=&#8220;{}&#8220;][et_pb_text module_class=&#8220;title-with-underline&#8220; _builder_version=&#8220;4.27.4&#8243; _module_preset=&#8220;default&#8220; global_colors_info=&#8220;{}&#8220;]<\/p>\n<h1><strong>Deine inklusive Wellnesszone<\/strong><\/h1>\n<p>[\/et_pb_text][et_pb_text _builder_version=&#8220;4.27.4&#8243; _module_preset=&#8220;default&#8220; custom_margin=&#8220;50px||||false|false&#8220; global_colors_info=&#8220;{}&#8220;]Hallenbad, Whirlpool, Relax-Bereich und Sauna \u2013 bei uns findest du alles, was K\u00f6rper und Seele guttut. Nach einem aktiven Tag in den Bergen oder einer ausgedehnten Radtour l\u00e4dt unsere Wohlf\u00fchloase dazu ein, neue Energie zu tanken und zur Ruhe zu kommen. [\/et_pb_text][\/et_pb_column][et_pb_column type=&#8220;1_2&#8243; _builder_version=&#8220;4.27.4&#8243; _module_preset=&#8220;default&#8220; background_image=&#8220;https:\/\/campingadler.com\/wp-content\/uploads\/2025\/07\/hallenbad.jpg&#8220; global_colors_info=&#8220;{}&#8220;][et_pb_divider show_divider=&#8220;off&#8220; _builder_version=&#8220;4.27.4&#8243; _module_preset=&#8220;default&#8220; background_enable_image=&#8220;off&#8220; background_position=&#8220;bottom_right&#8220; min_height=&#8220;750px&#8220; min_height_tablet=&#8220;350px&#8220; min_height_phone=&#8220;300px&#8220; min_height_last_edited=&#8220;on|desktop&#8220; link_option_url=&#8220;https:\/\/campingadler.com\/bildergalerie\/#001&#8243; link_option_url_new_window=&#8220;on&#8220; global_colors_info=&#8220;{}&#8220;][\/et_pb_divider][\/et_pb_column][\/et_pb_row][\/et_pb_section][et_pb_section fb_built=&#8220;1&#8243; disabled_on=&#8220;off|off|on&#8220; module_class=&#8220;tl_modern_hero39&#8243; _builder_version=&#8220;4.27.4&#8243; _module_preset=&#8220;default&#8220; background_color=&#8220;rgba(0,137,174,0.25)&#8220; custom_padding=&#8220;0px||0px||true|false&#8220; locked=&#8220;off&#8220; global_colors_info=&#8220;{}&#8220;][et_pb_row column_structure=&#8220;1_2,1_2&#8243; use_custom_gutter=&#8220;on&#8220; gutter_width=&#8220;1&#8243; disabled_on=&#8220;off|off|on&#8220; _builder_version=&#8220;4.27.4&#8243; _module_preset=&#8220;default&#8220; width=&#8220;100%&#8220; max_width=&#8220;100%&#8220; custom_padding=&#8220;0px||0px||true|false&#8220; custom_css_main_element=&#8220;-webkit-box-align: center !important;||-webkit-align-items: center !important;||-ms-flex-align: center !important;||align-items: center !important;&#8220; locked=&#8220;off&#8220; global_colors_info=&#8220;{}&#8220;][et_pb_column type=&#8220;1_2&#8243; _builder_version=&#8220;4.27.4&#8243; _module_preset=&#8220;default&#8220; background_image=&#8220;https:\/\/campingadler.com\/wp-content\/uploads\/2025\/07\/hallenbad.jpg&#8220; global_colors_info=&#8220;{}&#8220;][et_pb_divider show_divider=&#8220;off&#8220; _builder_version=&#8220;4.27.4&#8243; _module_preset=&#8220;default&#8220; background_enable_image=&#8220;off&#8220; background_position=&#8220;bottom_right&#8220; min_height=&#8220;750px&#8220; min_height_tablet=&#8220;350px&#8220; min_height_phone=&#8220;300px&#8220; min_height_last_edited=&#8220;on|desktop&#8220; link_option_url=&#8220;https:\/\/campingadler.com\/bildergalerie\/#001&#8243; link_option_url_new_window=&#8220;on&#8220; global_colors_info=&#8220;{}&#8220;][\/et_pb_divider][\/et_pb_column][et_pb_column type=&#8220;1_2&#8243; _builder_version=&#8220;4.27.4&#8243; _module_preset=&#8220;default&#8220; custom_padding=&#8220;100px|100px|100px|100px|true|true&#8220; custom_padding_tablet=&#8220;|30px||30px|true|true&#8220; custom_padding_phone=&#8220;|30px||30px|true|true&#8220; custom_padding_last_edited=&#8220;on|desktop&#8220; global_colors_info=&#8220;{}&#8220;][et_pb_text module_class=&#8220;title-with-underline&#8220; _builder_version=&#8220;4.27.4&#8243; _module_preset=&#8220;default&#8220; global_colors_info=&#8220;{}&#8220;]<\/p>\n<h1><strong>Deine inklusive Wellnesszone<\/strong><\/h1>\n<p>[\/et_pb_text][et_pb_text _builder_version=&#8220;4.27.4&#8243; _module_preset=&#8220;default&#8220; custom_margin=&#8220;50px||||false|false&#8220; global_colors_info=&#8220;{}&#8220;]Hallenbad, Whirlpool, Relax-Bereich und Sauna \u2013 bei uns findest du alles, was K\u00f6rper und Seele guttut. Nach einem aktiven Tag in den Bergen oder einer ausgedehnten Radtour l\u00e4dt unsere Wohlf\u00fchloase dazu ein, neue Energie zu tanken und zur Ruhe zu kommen. [\/et_pb_text][\/et_pb_column][\/et_pb_row][\/et_pb_section][et_pb_section fb_built=&#8220;1&#8243; fullwidth=&#8220;on&#8220; module_id=&#8220;privatespa&#8220; _builder_version=&#8220;4.27.4&#8243; _module_preset=&#8220;default&#8220; background_color=&#8220;#f3f3f1&#8243; min_height=&#8220;50px&#8220; global_colors_info=&#8220;{}&#8220;][\/et_pb_section][et_pb_section fb_built=&#8220;1&#8243; _builder_version=&#8220;4.27.4&#8243; _module_preset=&#8220;default&#8220; custom_padding=&#8220;||2px|||&#8220; locked=&#8220;off&#8220; global_colors_info=&#8220;{}&#8220;][et_pb_row column_structure=&#8220;2_5,3_5&#8243; _builder_version=&#8220;4.27.4&#8243; _module_preset=&#8220;default&#8220; global_colors_info=&#8220;{}&#8220;][et_pb_column type=&#8220;2_5&#8243; _builder_version=&#8220;4.27.4&#8243; _module_preset=&#8220;default&#8220; global_colors_info=&#8220;{}&#8220;][dnxte_coverflowslider_parent dnxte_coverflow_autoplay_show_hide=&#8220;off&#8220; dnxte_coverflow_loop=&#8220;on&#8220; dnxte_coverflow_centered_slides=&#8220;on&#8220; dnxte_coverflow_mousewheel_enable=&#8220;off&#8220; dnxte_coverflow_speed=&#8220;1000&#8243; dnxte_coverflow_spacebetween=&#8220;0&#8243; dnxte_coverflow_arrows=&#8220;on&#8220; dnxte_coverflow_pagination_type=&#8220;none&#8220; dnxte_coverflow_breakpoint_desktop=&#8220;1&#8243; dnxte_coverflow_arrow_color=&#8220;#3C472F&#8220; dnxte_coverflow_arrow_background_color=&#8220;RGBA(255,255,255,0)&#8220; dnxte_coverflow_arrow_size=&#8220;40&#8243; dnxte_coverflow_arrow_position=&#8220;outer&#8220; _builder_version=&#8220;4.27.4&#8243; _module_preset=&#8220;default&#8220; border_color_all_arrow_border=&#8220;#FFFFFF&#8220; border_style_all_arrow_border=&#8220;groove&#8220; locked=&#8220;off&#8220; global_colors_info=&#8220;{}&#8220;][dnxte_coverflowslider_child coverflowslider_image=&#8220;https:\/\/campingadler.com\/wp-content\/uploads\/2025\/05\/private_spa_01.jpg&#8220; coverflowslider_alt=&#8220;Camping Adler Naturns Private Spa&#8220; _builder_version=&#8220;4.27.4&#8243; _module_preset=&#8220;default&#8220; global_colors_info=&#8220;{}&#8220;][\/dnxte_coverflowslider_child][dnxte_coverflowslider_child coverflowslider_image=&#8220;https:\/\/campingadler.com\/wp-content\/uploads\/2025\/05\/private_spa_02.jpg&#8220; coverflowslider_alt=&#8220;Camping Adler Naturns Private Spa&#8220; _builder_version=&#8220;4.27.4&#8243; _module_preset=&#8220;default&#8220; global_colors_info=&#8220;{}&#8220;][\/dnxte_coverflowslider_child][dnxte_coverflowslider_child coverflowslider_image=&#8220;https:\/\/campingadler.com\/wp-content\/uploads\/2025\/05\/private_spa_03.jpg&#8220; coverflowslider_alt=&#8220;Camping Adler Naturns Private Spa&#8220; _builder_version=&#8220;4.27.4&#8243; _module_preset=&#8220;default&#8220; global_colors_info=&#8220;{}&#8220;][\/dnxte_coverflowslider_child][\/dnxte_coverflowslider_parent][\/et_pb_column][et_pb_column type=&#8220;3_5&#8243; _builder_version=&#8220;4.27.4&#8243; _module_preset=&#8220;default&#8220; global_colors_info=&#8220;{}&#8220;][et_pb_text module_class=&#8220;title-with-underline&#8220; _builder_version=&#8220;4.27.4&#8243; _module_preset=&#8220;default&#8220; global_colors_info=&#8220;{}&#8220;]<\/p>\n<h4><strong>Private Spa &#8211; Wo Wellness auf Privatsph\u00e4re trifft<\/strong><\/h4>\n<p>[\/et_pb_text][et_pb_text _builder_version=&#8220;4.27.4&#8243; _module_preset=&#8220;default&#8220; global_colors_info=&#8220;{}&#8220;]<\/p>\n<p>Pure Entspannung erwartet dich in unserem kuscheligen Private Spa! Genie\u00dfe die W\u00e4rme der finnischen Vollholz-Sauna, entspanne im Whirlpool auf der sonnigen Terrasse oder lehne dich zur\u00fcck auf der Zweierliege im Garten. Eine erfrischende Au\u00dfendusche, ein gem\u00fctlicher Ruheraum, eine kleine Teek\u00fcche mit Minibar und ein Duschbereich machen dein Spa-Erlebnis vollkommen.<\/p>\n<p>Unser Private Spa steht gegen Geb\u00fchr zur privaten Nutzung bereit \u2013 ideal f\u00fcr alle, die eine ungest\u00f6rte Auszeit in idyllischer Atmosph\u00e4re suchen.<\/p>\n<p>[\/et_pb_text][\/et_pb_column][\/et_pb_row][\/et_pb_section][et_pb_section fb_built=&#8220;1&#8243; disabled_on=&#8220;on|on|off&#8220; _builder_version=&#8220;4.27.4&#8243; _module_preset=&#8220;default&#8220; custom_padding=&#8220;0px||0px|||&#8220; locked=&#8220;off&#8220; global_colors_info=&#8220;{}&#8220;][et_pb_row column_structure=&#8220;3_5,2_5&#8243; _builder_version=&#8220;4.27.4&#8243; _module_preset=&#8220;default&#8220; global_colors_info=&#8220;{}&#8220;][et_pb_column type=&#8220;3_5&#8243; _builder_version=&#8220;4.27.4&#8243; _module_preset=&#8220;default&#8220; global_colors_info=&#8220;{}&#8220;][et_pb_text module_class=&#8220;title-with-underline&#8220; _builder_version=&#8220;4.27.4&#8243; _module_preset=&#8220;default&#8220; global_colors_info=&#8220;{}&#8220;]<\/p>\n<h4><strong>Wasserspa\u00df &#038; Saunaduft<\/strong><\/h4>\n<p>[\/et_pb_text][et_pb_text _builder_version=&#8220;4.27.4&#8243; _module_preset=&#8220;default&#8220; global_colors_info=&#8220;{}&#8220;]<\/p>\n<p>Unser Hallenbad l\u00e4dt mit angenehmen 29 bis 31\u202f\u00b0C zum Schwimmen und Entspannen ein. Wer noch mehr Erholung sucht, kann sich im Whirlpool treiben lassen oder auf den bequemen Liegen relaxen.<\/p>\n<p>[\/et_pb_text][\/et_pb_column][et_pb_column type=&#8220;2_5&#8243; _builder_version=&#8220;4.27.4&#8243; _module_preset=&#8220;default&#8220; global_colors_info=&#8220;{}&#8220;][dnxte_coverflowslider_parent dnxte_coverflow_autoplay_show_hide=&#8220;off&#8220; dnxte_coverflow_loop=&#8220;on&#8220; dnxte_coverflow_centered_slides=&#8220;on&#8220; dnxte_coverflow_mousewheel_enable=&#8220;off&#8220; dnxte_coverflow_speed=&#8220;1000&#8243; dnxte_coverflow_spacebetween=&#8220;0&#8243; dnxte_coverflow_arrows=&#8220;on&#8220; dnxte_coverflow_pagination_type=&#8220;none&#8220; dnxte_coverflow_breakpoint_desktop=&#8220;1&#8243; dnxte_coverflow_arrow_color=&#8220;#3C472F&#8220; dnxte_coverflow_arrow_background_color=&#8220;RGBA(255,255,255,0)&#8220; dnxte_coverflow_arrow_size=&#8220;40&#8243; dnxte_coverflow_arrow_position=&#8220;outer&#8220; _builder_version=&#8220;4.27.4&#8243; _module_preset=&#8220;default&#8220; border_color_all_arrow_border=&#8220;#FFFFFF&#8220; border_style_all_arrow_border=&#8220;groove&#8220; locked=&#8220;off&#8220; global_colors_info=&#8220;{}&#8220;][dnxte_coverflowslider_child coverflowslider_image=&#8220;https:\/\/campingadler.com\/wp-content\/uploads\/2025\/11\/Camping-Adler-Pool-02.jpg&#8220; _builder_version=&#8220;4.27.4&#8243; _module_preset=&#8220;default&#8220; global_colors_info=&#8220;{}&#8220;][\/dnxte_coverflowslider_child][dnxte_coverflowslider_child coverflowslider_image=&#8220;https:\/\/campingadler.com\/wp-content\/uploads\/2025\/11\/Camping-Adler-Pool-01.jpg&#8220; _builder_version=&#8220;4.27.4&#8243; _module_preset=&#8220;default&#8220; global_colors_info=&#8220;{}&#8220;][\/dnxte_coverflowslider_child][dnxte_coverflowslider_child coverflowslider_image=&#8220;https:\/\/campingadler.com\/wp-content\/uploads\/2025\/05\/schwimmhalle_01.jpg&#8220; coverflowslider_alt=&#8220;Camping Adler Naturns Hallenbad&#8220; _builder_version=&#8220;4.27.4&#8243; _module_preset=&#8220;default&#8220; global_colors_info=&#8220;{}&#8220;][\/dnxte_coverflowslider_child][dnxte_coverflowslider_child coverflowslider_image=&#8220;https:\/\/campingadler.com\/wp-content\/uploads\/2025\/05\/schwimmhalle_02.jpg&#8220; coverflowslider_alt=&#8220;Camping Adler Naturns Hallenbad&#8220; _builder_version=&#8220;4.27.4&#8243; _module_preset=&#8220;default&#8220; global_colors_info=&#8220;{}&#8220;][\/dnxte_coverflowslider_child][dnxte_coverflowslider_child coverflowslider_image=&#8220;https:\/\/campingadler.com\/wp-content\/uploads\/2025\/05\/schwimmhalle_03.jpg&#8220; coverflowslider_alt=&#8220;Camping Adler Naturns Hallenbad&#8220; _builder_version=&#8220;4.27.4&#8243; _module_preset=&#8220;default&#8220; global_colors_info=&#8220;{}&#8220;][\/dnxte_coverflowslider_child][\/dnxte_coverflowslider_parent][\/et_pb_column][\/et_pb_row][et_pb_row column_structure=&#8220;2_5,3_5&#8243; _builder_version=&#8220;4.27.4&#8243; _module_preset=&#8220;default&#8220; global_colors_info=&#8220;{}&#8220;][et_pb_column type=&#8220;2_5&#8243; _builder_version=&#8220;4.27.4&#8243; _module_preset=&#8220;default&#8220; global_colors_info=&#8220;{}&#8220;][dnxte_coverflowslider_parent dnxte_coverflow_autoplay_show_hide=&#8220;off&#8220; dnxte_coverflow_loop=&#8220;on&#8220; dnxte_coverflow_centered_slides=&#8220;on&#8220; dnxte_coverflow_mousewheel_enable=&#8220;off&#8220; dnxte_coverflow_speed=&#8220;1000&#8243; dnxte_coverflow_spacebetween=&#8220;0&#8243; dnxte_coverflow_arrows=&#8220;on&#8220; dnxte_coverflow_pagination_type=&#8220;none&#8220; dnxte_coverflow_breakpoint_desktop=&#8220;1&#8243; dnxte_coverflow_arrow_color=&#8220;#3C472F&#8220; dnxte_coverflow_arrow_background_color=&#8220;RGBA(255,255,255,0)&#8220; dnxte_coverflow_arrow_size=&#8220;40&#8243; dnxte_coverflow_arrow_position=&#8220;outer&#8220; _builder_version=&#8220;4.27.4&#8243; _module_preset=&#8220;default&#8220; border_color_all_arrow_border=&#8220;#FFFFFF&#8220; border_style_all_arrow_border=&#8220;groove&#8220; locked=&#8220;off&#8220; global_colors_info=&#8220;{}&#8220;][dnxte_coverflowslider_child coverflowslider_image=&#8220;https:\/\/campingadler.com\/wp-content\/uploads\/2025\/05\/sauna_01.jpg&#8220; coverflowslider_alt=&#8220;Camping Adler Naturns Sauna&#8220; _builder_version=&#8220;4.27.4&#8243; _module_preset=&#8220;default&#8220; global_colors_info=&#8220;{}&#8220;][\/dnxte_coverflowslider_child][dnxte_coverflowslider_child coverflowslider_image=&#8220;https:\/\/campingadler.com\/wp-content\/uploads\/2025\/05\/sauna_02.jpg&#8220; coverflowslider_alt=&#8220;Camping Adler Naturns Sauna&#8220; _builder_version=&#8220;4.27.4&#8243; _module_preset=&#8220;default&#8220; global_colors_info=&#8220;{}&#8220;][\/dnxte_coverflowslider_child][\/dnxte_coverflowslider_parent][\/et_pb_column][et_pb_column type=&#8220;3_5&#8243; _builder_version=&#8220;4.27.4&#8243; _module_preset=&#8220;default&#8220; global_colors_info=&#8220;{}&#8220;][et_pb_text _builder_version=&#8220;4.27.4&#8243; _module_preset=&#8220;default&#8220; global_colors_info=&#8220;{}&#8220;]<\/p>\n<p>Bevor und nachdem die Sommerhitze dich ins Schwitzen bringt, sorgt unsere Gemeinschaftssauna direkt hinter dem Hallenbad von M\u00e4rz bis Mai und September bis November f\u00fcr wohlige Entspannung. Die finnische Vollholz-Sauna l\u00e4dt zum Schwitzen ein, und zum Abk\u00fchlen steht ein Duschbereich im Ruheraum bereit.<\/p>\n<p>Der Saunabereich ist textilfrei und ab 18 Jahren zug\u00e4nglich. Gut schwitz!<\/p>\n<p>[\/et_pb_text][\/et_pb_column][\/et_pb_row][\/et_pb_section][et_pb_section fb_built=&#8220;1&#8243; disabled_on=&#8220;off|off|on&#8220; _builder_version=&#8220;4.27.4&#8243; _module_preset=&#8220;default&#8220; custom_padding=&#8220;0px||0px|||&#8220; locked=&#8220;off&#8220; global_colors_info=&#8220;{}&#8220;][et_pb_row column_structure=&#8220;2_5,3_5&#8243; _builder_version=&#8220;4.27.4&#8243; _module_preset=&#8220;default&#8220; global_colors_info=&#8220;{}&#8220;][et_pb_column type=&#8220;2_5&#8243; _builder_version=&#8220;4.27.4&#8243; _module_preset=&#8220;default&#8220; global_colors_info=&#8220;{}&#8220;][dnxte_coverflowslider_parent dnxte_coverflow_autoplay_show_hide=&#8220;off&#8220; dnxte_coverflow_loop=&#8220;on&#8220; dnxte_coverflow_centered_slides=&#8220;on&#8220; dnxte_coverflow_mousewheel_enable=&#8220;off&#8220; dnxte_coverflow_speed=&#8220;1000&#8243; dnxte_coverflow_spacebetween=&#8220;0&#8243; dnxte_coverflow_arrows=&#8220;on&#8220; dnxte_coverflow_pagination_type=&#8220;none&#8220; dnxte_coverflow_breakpoint_desktop=&#8220;1&#8243; dnxte_coverflow_arrow_color=&#8220;#3C472F&#8220; dnxte_coverflow_arrow_background_color=&#8220;RGBA(255,255,255,0)&#8220; dnxte_coverflow_arrow_size=&#8220;40&#8243; dnxte_coverflow_arrow_position=&#8220;outer&#8220; _builder_version=&#8220;4.27.4&#8243; _module_preset=&#8220;default&#8220; border_color_all_arrow_border=&#8220;#FFFFFF&#8220; border_style_all_arrow_border=&#8220;groove&#8220; locked=&#8220;off&#8220; global_colors_info=&#8220;{}&#8220;][dnxte_coverflowslider_child coverflowslider_image=&#8220;https:\/\/campingadler.com\/wp-content\/uploads\/2025\/11\/2-Camping-Adler-2025-159.jpg&#8220; _builder_version=&#8220;4.27.4&#8243; _module_preset=&#8220;default&#8220; global_colors_info=&#8220;{}&#8220;][\/dnxte_coverflowslider_child][dnxte_coverflowslider_child coverflowslider_image=&#8220;https:\/\/campingadler.com\/wp-content\/uploads\/2025\/11\/1-Camping-Adler-2025-174.jpg&#8220; _builder_version=&#8220;4.27.4&#8243; _module_preset=&#8220;default&#8220; global_colors_info=&#8220;{}&#8220;][\/dnxte_coverflowslider_child][dnxte_coverflowslider_child coverflowslider_image=&#8220;https:\/\/campingadler.com\/wp-content\/uploads\/2025\/05\/schwimmhalle_01.jpg&#8220; coverflowslider_alt=&#8220;Camping Adler Naturns Hallenbad&#8220; _builder_version=&#8220;4.27.4&#8243; _module_preset=&#8220;default&#8220; global_colors_info=&#8220;{}&#8220;][\/dnxte_coverflowslider_child][dnxte_coverflowslider_child coverflowslider_image=&#8220;https:\/\/campingadler.com\/wp-content\/uploads\/2025\/05\/schwimmhalle_02.jpg&#8220; coverflowslider_alt=&#8220;Camping Adler Naturns Hallenbad&#8220; _builder_version=&#8220;4.27.4&#8243; _module_preset=&#8220;default&#8220; global_colors_info=&#8220;{}&#8220;][\/dnxte_coverflowslider_child][dnxte_coverflowslider_child coverflowslider_image=&#8220;https:\/\/campingadler.com\/wp-content\/uploads\/2025\/05\/schwimmhalle_03.jpg&#8220; coverflowslider_alt=&#8220;Camping Adler Naturns Hallenbad&#8220; _builder_version=&#8220;4.27.4&#8243; _module_preset=&#8220;default&#8220; global_colors_info=&#8220;{}&#8220;][\/dnxte_coverflowslider_child][\/dnxte_coverflowslider_parent][\/et_pb_column][et_pb_column type=&#8220;3_5&#8243; _builder_version=&#8220;4.27.4&#8243; _module_preset=&#8220;default&#8220; global_colors_info=&#8220;{}&#8220;][et_pb_text module_class=&#8220;title-with-underline&#8220; _builder_version=&#8220;4.27.4&#8243; _module_preset=&#8220;default&#8220; global_colors_info=&#8220;{}&#8220;]<\/p>\n<h4><strong>Wasserspa\u00df &#038; Saunaduft<\/strong><\/h4>\n<p>[\/et_pb_text][et_pb_text _builder_version=&#8220;4.27.4&#8243; _module_preset=&#8220;default&#8220; global_colors_info=&#8220;{}&#8220;]Unser Hallenbad l\u00e4dt mit angenehmen 29 bis 31\u202f\u00b0C zum Schwimmen und Entspannen ein. Wer noch mehr Erholung sucht, kann sich im Whirlpool treiben lassen oder auf den bequemen Liegen relaxen.[\/et_pb_text][\/et_pb_column][\/et_pb_row][et_pb_row column_structure=&#8220;2_5,3_5&#8243; _builder_version=&#8220;4.27.4&#8243; _module_preset=&#8220;default&#8220; global_colors_info=&#8220;{}&#8220;][et_pb_column type=&#8220;2_5&#8243; _builder_version=&#8220;4.27.4&#8243; _module_preset=&#8220;default&#8220; global_colors_info=&#8220;{}&#8220;][dnxte_coverflowslider_parent dnxte_coverflow_autoplay_show_hide=&#8220;off&#8220; dnxte_coverflow_loop=&#8220;on&#8220; dnxte_coverflow_centered_slides=&#8220;on&#8220; dnxte_coverflow_mousewheel_enable=&#8220;off&#8220; dnxte_coverflow_speed=&#8220;1000&#8243; dnxte_coverflow_spacebetween=&#8220;0&#8243; dnxte_coverflow_arrows=&#8220;on&#8220; dnxte_coverflow_pagination_type=&#8220;none&#8220; dnxte_coverflow_breakpoint_desktop=&#8220;1&#8243; dnxte_coverflow_arrow_color=&#8220;#3C472F&#8220; dnxte_coverflow_arrow_background_color=&#8220;RGBA(255,255,255,0)&#8220; dnxte_coverflow_arrow_size=&#8220;40&#8243; dnxte_coverflow_arrow_position=&#8220;outer&#8220; _builder_version=&#8220;4.27.4&#8243; _module_preset=&#8220;default&#8220; border_color_all_arrow_border=&#8220;#FFFFFF&#8220; border_style_all_arrow_border=&#8220;groove&#8220; locked=&#8220;off&#8220; global_colors_info=&#8220;{}&#8220;][dnxte_coverflowslider_child coverflowslider_image=&#8220;https:\/\/campingadler.com\/wp-content\/uploads\/2025\/05\/sauna_01.jpg&#8220; coverflowslider_alt=&#8220;Camping Adler Naturns Sauna&#8220; _builder_version=&#8220;4.27.4&#8243; _module_preset=&#8220;default&#8220; global_colors_info=&#8220;{}&#8220;][\/dnxte_coverflowslider_child][dnxte_coverflowslider_child coverflowslider_image=&#8220;https:\/\/campingadler.com\/wp-content\/uploads\/2025\/05\/sauna_02.jpg&#8220; coverflowslider_alt=&#8220;Camping Adler Naturns Sauna&#8220; _builder_version=&#8220;4.27.4&#8243; _module_preset=&#8220;default&#8220; global_colors_info=&#8220;{}&#8220;][\/dnxte_coverflowslider_child][\/dnxte_coverflowslider_parent][\/et_pb_column][et_pb_column type=&#8220;3_5&#8243; _builder_version=&#8220;4.27.4&#8243; _module_preset=&#8220;default&#8220; global_colors_info=&#8220;{}&#8220;][et_pb_text _builder_version=&#8220;4.27.4&#8243; _module_preset=&#8220;default&#8220; global_colors_info=&#8220;{}&#8220;]<\/p>\n<p>Bevor und nachdem die Sommerhitze dich ins Schwitzen bringt, sorgt unsere Gemeinschaftssauna direkt hinter dem Hallenbad von M\u00e4rz bis Mai und September bis November f\u00fcr wohlige Entspannung. Die finnische Vollholz-Sauna l\u00e4dt zum Schwitzen ein, und zum Abk\u00fchlen steht ein Duschbereich im Ruheraum bereit.<\/p>\n<p>Der Saunabereich ist textilfrei und ab 18 Jahren zug\u00e4nglich. Gut schwitz!<\/p>\n<p>[\/et_pb_text][\/et_pb_column][\/et_pb_row][\/et_pb_section][et_pb_section fb_built=&#8220;1&#8243; fullwidth=&#8220;on&#8220; _builder_version=&#8220;4.27.2&#8243; _module_preset=&#8220;default&#8220; background_color=&#8220;#f3f3f1&#8243; min_height=&#8220;50px&#8220; global_colors_info=&#8220;{}&#8220;][\/et_pb_section]<\/p>\n","protected":false},"excerpt":{"rendered":"<p>Includes wellness area with indoor pool, whirlpool, relaxation zone, communal sauna, and private spa (bookable).<\/p>","protected":false},"author":1,"featured_media":0,"parent":0,"menu_order":3,"comment_status":"closed","ping_status":"closed","template":"","meta":{"_et_pb_use_builder":"on","_et_pb_old_content":"","_et_gb_content_width":"","iawp_total_views":6649,"footnotes":""},"class_list":["post-245","page","type-page","status-publish","hentry"],"_links":{"self":[{"href":"https:\/\/campingadler.com\/en\/wp-json\/wp\/v2\/pages\/245","targetHints":{"allow":["GET"]}}],"collection":[{"href":"https:\/\/campingadler.com\/en\/wp-json\/wp\/v2\/pages"}],"about":[{"href":"https:\/\/campingadler.com\/en\/wp-json\/wp\/v2\/types\/page"}],"author":[{"embeddable":true,"href":"https:\/\/campingadler.com\/en\/wp-json\/wp\/v2\/users\/1"}],"replies":[{"embeddable":true,"href":"https:\/\/campingadler.com\/en\/wp-json\/wp\/v2\/comments?post=245"}],"version-history":[{"count":33,"href":"https:\/\/campingadler.com\/en\/wp-json\/wp\/v2\/pages\/245\/revisions"}],"predecessor-version":[{"id":987510462,"href":"https:\/\/campingadler.com\/en\/wp-json\/wp\/v2\/pages\/245\/revisions\/987510462"}],"wp:attachment":[{"href":"https:\/\/campingadler.com\/en\/wp-json\/wp\/v2\/media?parent=245"}],"curies":[{"name":"wp","href":"https:\/\/api.w.org\/{rel}","templated":true}]}}