{"id":329,"date":"2024-12-10T12:05:37","date_gmt":"2024-12-10T12:05:37","guid":{"rendered":"https:\/\/dolcevitacamping.com\/?page_id=329"},"modified":"2025-12-16T16:00:18","modified_gmt":"2025-12-16T16:00:18","slug":"naturno-activities","status":"publish","type":"page","link":"https:\/\/campingadler.com\/en\/naturns-aktivitaeten\/","title":{"rendered":"Naturns &amp; Activities"},"content":{"rendered":"<p>[et_pb_section fb_built=&#8220;1&#8243; disabled_on=&#8220;on|on|off&#8220; module_class=&#8220;tl_modern_hero39&#8243; _builder_version=&#8220;4.23.3&#8243; _module_preset=&#8220;default&#8220; background_color=&#8220;RGBA(255,255,255,0)&#8220; custom_padding=&#8220;0px||0px||true|false&#8220; locked=&#8220;off&#8220; global_colors_info=&#8220;{}&#8220;][et_pb_row column_structure=&#8220;1_2,1_2&#8243; use_custom_gutter=&#8220;on&#8220; gutter_width=&#8220;1&#8243; _builder_version=&#8220;4.27.4&#8243; _module_preset=&#8220;default&#8220; width=&#8220;100%&#8220; max_width=&#8220;100%&#8220; custom_padding=&#8220;0px||0px||true|false&#8220; custom_css_main_element=&#8220;-webkit-box-align: center !important;||-webkit-align-items: center !important;||-ms-flex-align: center !important;||align-items: center !important;&#8220; global_colors_info=&#8220;{}&#8220;][et_pb_column type=&#8220;1_2&#8243; _builder_version=&#8220;4.27.4&#8243; _module_preset=&#8220;default&#8220; custom_padding=&#8220;100px|100px|100px|100px|true|true&#8220; custom_padding_tablet=&#8220;|30px||30px|true|true&#8220; custom_padding_phone=&#8220;|30px||30px|true|true&#8220; custom_padding_last_edited=&#8220;on|desktop&#8220; global_colors_info=&#8220;{}&#8220;][et_pb_text module_class=&#8220;title-with-underline&#8220; _builder_version=&#8220;4.27.4&#8243; _module_preset=&#8220;default&#8220; global_colors_info=&#8220;{}&#8220;]<\/p>\n<h1><strong>Naturns: Hier gibt\u2019s f\u00fcr jeden was!<\/strong><\/h1>\n<p>[\/et_pb_text][et_pb_text _builder_version=&#8220;4.27.4&#8243; _module_preset=&#8220;default&#8220; custom_margin=&#8220;50px||||false|false&#8220; global_colors_info=&#8220;{}&#8220;]Outdoor-Enthusiasten finden sich inmitten einer Vielfalt an Wanderrouten, Radwegen und Mountainbike-Trails wieder. Erholungssuchende genie\u00dfen einen Aperitif im n\u00e4chsten Caf\u00e9, machen einen Bummel durch die diversen Shops oder entspannen in der Erlebnistherme Naturns. Zudem setzt die bunte Variation von Restaurants alles daran, dich mit Gaumenfreuden zu verw\u00f6hnen.<br \/>\nUnser lebendiges Dorf ist auch der ideale Ort f\u00fcr einen Familienurlaub. Neben mehreren Kinderspielpl\u00e4tzen, dem Erlebnispark Naturns oder dem Erlebnisbahnhof (Staben) f\u00fcr die Kleinen, k\u00f6nnen deine Gr\u00f6\u00dferen direkt gegen\u00fcber dem Campingplatz am Funpark Fu\u00dfball oder Basketball spielen oder Skateboard fahren.[\/et_pb_text][et_pb_text _builder_version=&#8220;4.27.4&#8243; _module_preset=&#8220;default&#8220; text_font_size=&#8220;12px&#8220; custom_margin=&#8220;25px||||false|false&#8220; custom_margin_tablet=&#8220;25px||||false|false&#8220; custom_margin_phone=&#8220;25px||||false|false&#8220; custom_margin_last_edited=&#8220;on|phone&#8220; global_colors_info=&#8220;{}&#8220;]Foto: TG Naturns, Gr\u00fcner Thomas[\/et_pb_text][\/et_pb_column][et_pb_column type=&#8220;1_2&#8243; _builder_version=&#8220;4.27.4&#8243; _module_preset=&#8220;default&#8220; background_image=&#8220;https:\/\/campingadler.com\/wp-content\/uploads\/2024\/12\/naturns_panorama.jpg&#8220; global_colors_info=&#8220;{}&#8220;][et_pb_divider show_divider=&#8220;off&#8220; _builder_version=&#8220;4.27.4&#8243; _module_preset=&#8220;default&#8220; background_enable_image=&#8220;off&#8220; background_position=&#8220;bottom_right&#8220; min_height=&#8220;750px&#8220; min_height_tablet=&#8220;350px&#8220; min_height_phone=&#8220;300px&#8220; min_height_last_edited=&#8220;on|desktop&#8220; global_colors_info=&#8220;{}&#8220;][\/et_pb_divider][\/et_pb_column][\/et_pb_row][\/et_pb_section][et_pb_section fb_built=&#8220;1&#8243; disabled_on=&#8220;off|off|on&#8220; module_class=&#8220;tl_modern_hero39&#8243; _builder_version=&#8220;4.23.3&#8243; _module_preset=&#8220;default&#8220; background_color=&#8220;RGBA(255,255,255,0)&#8220; custom_padding=&#8220;0px||0px||true|false&#8220; locked=&#8220;off&#8220; global_colors_info=&#8220;{}&#8220;][et_pb_row column_structure=&#8220;1_2,1_2&#8243; use_custom_gutter=&#8220;on&#8220; gutter_width=&#8220;1&#8243; _builder_version=&#8220;4.27.4&#8243; _module_preset=&#8220;default&#8220; width=&#8220;100%&#8220; max_width=&#8220;100%&#8220; custom_padding=&#8220;0px||0px||true|false&#8220; custom_css_main_element=&#8220;-webkit-box-align: center !important;||-webkit-align-items: center !important;||-ms-flex-align: center !important;||align-items: center !important;&#8220; global_colors_info=&#8220;{}&#8220;][et_pb_column type=&#8220;1_2&#8243; _builder_version=&#8220;4.27.4&#8243; _module_preset=&#8220;default&#8220; background_image=&#8220;https:\/\/campingadler.com\/wp-content\/uploads\/2024\/12\/naturns_panorama.jpg&#8220; global_colors_info=&#8220;{}&#8220;][et_pb_divider show_divider=&#8220;off&#8220; _builder_version=&#8220;4.27.4&#8243; _module_preset=&#8220;default&#8220; background_enable_image=&#8220;off&#8220; background_position=&#8220;bottom_right&#8220; min_height=&#8220;750px&#8220; min_height_tablet=&#8220;350px&#8220; min_height_phone=&#8220;300px&#8220; min_height_last_edited=&#8220;on|desktop&#8220; global_colors_info=&#8220;{}&#8220;][\/et_pb_divider][\/et_pb_column][et_pb_column type=&#8220;1_2&#8243; _builder_version=&#8220;4.27.4&#8243; _module_preset=&#8220;default&#8220; custom_padding=&#8220;100px|100px|100px|100px|true|true&#8220; custom_padding_tablet=&#8220;|30px||30px|true|true&#8220; custom_padding_phone=&#8220;|30px||30px|true|true&#8220; custom_padding_last_edited=&#8220;on|desktop&#8220; global_colors_info=&#8220;{}&#8220;][et_pb_text module_class=&#8220;title-with-underline&#8220; _builder_version=&#8220;4.27.4&#8243; _module_preset=&#8220;default&#8220; global_colors_info=&#8220;{}&#8220;]<\/p>\n<h1><strong>Naturns: Hier gibt\u2019s f\u00fcr jeden was!<\/strong><\/h1>\n<p>[\/et_pb_text][et_pb_text _builder_version=&#8220;4.27.4&#8243; _module_preset=&#8220;default&#8220; custom_margin=&#8220;50px||||false|false&#8220; global_colors_info=&#8220;{}&#8220;]Outdoor-Enthusiasten finden sich inmitten einer Vielfalt an Wanderrouten, Radwegen und Mountainbike-Trails wieder. Erholungssuchende genie\u00dfen einen Aperitif im n\u00e4chsten Caf\u00e9, machen einen Bummel durch die diversen Shops oder entspannen in der Erlebnistherme Naturns. Zudem setzt die bunte Variation von Restaurants alles daran, dich mit Gaumenfreuden zu verw\u00f6hnen.<br \/>\nUnser lebendiges Dorf ist auch der ideale Ort f\u00fcr einen Familienurlaub. Neben mehreren Kinderspielpl\u00e4tzen, dem Erlebnispark Naturns oder dem Erlebnisbahnhof (Staben) f\u00fcr die Kleinen, k\u00f6nnen deine Gr\u00f6\u00dferen direkt gegen\u00fcber dem Campingplatz am Funpark Fu\u00dfball oder Basketball spielen oder Skateboard fahren.[\/et_pb_text][et_pb_text _builder_version=&#8220;4.27.4&#8243; _module_preset=&#8220;default&#8220; text_font_size=&#8220;12px&#8220; custom_margin=&#8220;25px||||false|false&#8220; custom_margin_tablet=&#8220;25px||||false|false&#8220; custom_margin_phone=&#8220;25px||||false|false&#8220; custom_margin_last_edited=&#8220;on|phone&#8220; global_colors_info=&#8220;{}&#8220;]Foto: TG Naturns, Gr\u00fcner Thomas[\/et_pb_text][\/et_pb_column][\/et_pb_row][\/et_pb_section][et_pb_section fb_built=&#8220;1&#8243; fullwidth=&#8220;on&#8220; _builder_version=&#8220;4.27.2&#8243; _module_preset=&#8220;default&#8220; background_color=&#8220;#f3f3f1&#8243; min_height=&#8220;50px&#8220; global_colors_info=&#8220;{}&#8220;][\/et_pb_section][et_pb_section fb_built=&#8220;1&#8243; disabled_on=&#8220;on|on|off&#8220; _builder_version=&#8220;4.27.4&#8243; _module_preset=&#8220;default&#8220; locked=&#8220;off&#8220; global_colors_info=&#8220;{}&#8220;][et_pb_row column_structure=&#8220;2_5,3_5&#8243; _builder_version=&#8220;4.27.4&#8243; _module_preset=&#8220;default&#8220; global_colors_info=&#8220;{}&#8220;][et_pb_column type=&#8220;2_5&#8243; _builder_version=&#8220;4.27.4&#8243; _module_preset=&#8220;default&#8220; global_colors_info=&#8220;{}&#8220;][et_pb_image src=&#8220;https:\/\/campingadler.com\/wp-content\/uploads\/2024\/12\/wandern_naturns.jpg&#8220; alt=&#8220;Wandern&#8220; title_text=&#8220;Wandern&#8220; align=&#8220;center&#8220; _builder_version=&#8220;4.27.4&#8243; _module_preset=&#8220;default&#8220; global_colors_info=&#8220;{}&#8220;][\/et_pb_image][et_pb_text _builder_version=&#8220;4.27.4&#8243; _module_preset=&#8220;default&#8220; text_font_size=&#8220;11px&#8220; text_orientation=&#8220;center&#8220; custom_margin=&#8220;-30px||||false|false&#8220; custom_margin_tablet=&#8220;||||false|false&#8220; custom_margin_phone=&#8220;||||false|false&#8220; custom_margin_last_edited=&#8220;on|desktop&#8220; custom_padding=&#8220;||||false|false&#8220; locked=&#8220;off&#8220; global_colors_info=&#8220;{}&#8220;]Foto: TG Naturns, Philipp Reiter[\/et_pb_text][\/et_pb_column][et_pb_column type=&#8220;3_5&#8243; _builder_version=&#8220;4.27.4&#8243; _module_preset=&#8220;default&#8220; global_colors_info=&#8220;{}&#8220;][et_pb_text module_class=&#8220;title-with-underline&#8220; _builder_version=&#8220;4.27.4&#8243; _module_preset=&#8220;default&#8220; global_colors_info=&#8220;{}&#8220;]<\/p>\n<h4><strong>Aktiv in den Bergen: Wandern, Biken und mehr!<\/strong><\/h4>\n<p>[\/et_pb_text][et_pb_text _builder_version=&#8220;4.27.4&#8243; _module_preset=&#8220;default&#8220; global_colors_info=&#8220;{}&#8220;]Die durchschnittlich 315 Sonnentage pro Jahr in Naturns rufen f\u00f6rmlich nach Outdoor-Abenteuer! Im Tal wanderst du durch Apfelwiesen, entlang der Sonnenberg-H\u00e4nge schl\u00e4ngeln sich Waalwege, gekr\u00f6nt von den anspruchsvollen Gipfel der Texelgruppe auf \u00fcber 3.000 H\u00f6henmetern. Als Wander-Highlight gilt der Meraner H\u00f6henweg. Mit dem Bike findest du Genuss-Radtouren entlang des Etschradweges, Passstra\u00dfen f\u00fcrs Rennrad und MTB-Trails im Hochgebirge. Vom Jogging und Inlineskating im Nature.Fitness.Park\u00ae \u00fcber Klettersteige bis hin zu Tennis, Rafting, Minigolf, Sportklettern und Paragliding, f\u00fcr alle ist etwas dabei![\/et_pb_text][\/et_pb_column][\/et_pb_row][et_pb_row column_structure=&#8220;3_5,2_5&#8243; _builder_version=&#8220;4.27.4&#8243; _module_preset=&#8220;default&#8220; global_colors_info=&#8220;{}&#8220;][et_pb_column type=&#8220;3_5&#8243; _builder_version=&#8220;4.27.4&#8243; _module_preset=&#8220;default&#8220; global_colors_info=&#8220;{}&#8220;][et_pb_text module_class=&#8220;title-with-underline&#8220; _builder_version=&#8220;4.27.4&#8243; _module_preset=&#8220;default&#8220; global_colors_info=&#8220;{}&#8220;]<\/p>\n<h4><strong>Spa\u00df f\u00fcr die ganze Familie<\/strong><\/h4>\n<p>[\/et_pb_text][et_pb_text _builder_version=&#8220;4.27.4&#8243; _module_preset=&#8220;default&#8220; global_colors_info=&#8220;{}&#8220;]Abenteuer oder Entspannung? Hier findest du f\u00fcr dich und deine Liebsten eine Vielzahl spannender Aktivit\u00e4ten f\u00fcr alle Altersgruppen. Von Rad- oder Mountainbike-Touren, Kinder-Rafting bis hin zum Lama-Trekking. Nat\u00fcrlich ist die Wanderlust auch etwas f\u00fcr die Kleinsten. So sorgen bereits Panoramen auf den leichten Wanderwegen f\u00fcr Begeisterung und beim Geocaching k\u00f6nnen Eltern und Kinder gemeinsam auf Schatzsuche gehen. Im Dorf erwarten euch viele Spielpl\u00e4tze, ein Funpark sowie der Erlebnisbahnhof (Staben). Besonders gefragt sind zudem die Kletter- und Hochseilg\u00e4rten in der Umgebung.[\/et_pb_text][\/et_pb_column][et_pb_column type=&#8220;2_5&#8243; _builder_version=&#8220;4.27.4&#8243; _module_preset=&#8220;default&#8220; global_colors_info=&#8220;{}&#8220;][et_pb_image src=&#8220;https:\/\/campingadler.com\/wp-content\/uploads\/2024\/12\/berge_naturns.jpg&#8220; alt=&#8220;Berge Naturns&#8220; title_text=&#8220;Berge Naturns&#8220; align=&#8220;center&#8220; _builder_version=&#8220;4.27.4&#8243; _module_preset=&#8220;default&#8220; global_colors_info=&#8220;{}&#8220;][\/et_pb_image][et_pb_text _builder_version=&#8220;4.27.4&#8243; _module_preset=&#8220;default&#8220; text_font_size=&#8220;11px&#8220; text_orientation=&#8220;center&#8220; custom_margin=&#8220;-30px||||false|false&#8220; custom_margin_tablet=&#8220;||||false|false&#8220; custom_margin_phone=&#8220;||||false|false&#8220; custom_margin_last_edited=&#8220;on|desktop&#8220; custom_padding=&#8220;||||false|false&#8220; locked=&#8220;off&#8220; global_colors_info=&#8220;{}&#8220;]Foto: TG Naturns, Fotostudio 2000[\/et_pb_text][\/et_pb_column][\/et_pb_row][et_pb_row column_structure=&#8220;2_5,3_5&#8243; _builder_version=&#8220;4.27.4&#8243; _module_preset=&#8220;default&#8220; global_colors_info=&#8220;{}&#8220;][et_pb_column type=&#8220;2_5&#8243; _builder_version=&#8220;4.27.4&#8243; _module_preset=&#8220;default&#8220; global_colors_info=&#8220;{}&#8220;][et_pb_image src=&#8220;https:\/\/campingadler.com\/wp-content\/uploads\/2024\/12\/prokulus.jpg&#8220; alt=&#8220;Prokulus Kirche&#8220; title_text=&#8220;Prokulus Kirche&#8220; align=&#8220;center&#8220; _builder_version=&#8220;4.27.4&#8243; _module_preset=&#8220;default&#8220; global_colors_info=&#8220;{}&#8220;][\/et_pb_image][et_pb_text _builder_version=&#8220;4.27.4&#8243; _module_preset=&#8220;default&#8220; text_font_size=&#8220;11px&#8220; text_orientation=&#8220;center&#8220; custom_margin=&#8220;-30px||||false|false&#8220; custom_margin_tablet=&#8220;||||false|false&#8220; custom_margin_phone=&#8220;||||false|false&#8220; custom_margin_last_edited=&#8220;on|desktop&#8220; custom_padding=&#8220;||||false|false&#8220; locked=&#8220;off&#8220; global_colors_info=&#8220;{}&#8220;]Foto: TG Naturns, Fotostudio 2000[\/et_pb_text][\/et_pb_column][et_pb_column type=&#8220;3_5&#8243; _builder_version=&#8220;4.27.4&#8243; _module_preset=&#8220;default&#8220; global_colors_info=&#8220;{}&#8220;][et_pb_text module_class=&#8220;title-with-underline&#8220; _builder_version=&#8220;4.27.4&#8243; _module_preset=&#8220;default&#8220; global_colors_info=&#8220;{}&#8220;]<\/p>\n<h4><strong>Eine Hochburg der Kultur<\/strong><\/h4>\n<p>[\/et_pb_text][et_pb_text _builder_version=&#8220;4.27.4&#8243; _module_preset=&#8220;default&#8220; global_colors_info=&#8220;{}&#8220;]Auch \u00fcber Sehensw\u00fcrdigkeiten stolperst du hier beim Spazieren. Die Kirche St. Prokulus birgt fr\u00fchmittelalterliche Fresken, im Prokulus Museum liegen die Knochen der Pestopfer, Reinhold Messners Schloss Juval ist dem Mythos Berg gewidmet, die Plauser Totentanz-Fresken sind die Originalversion von Disneys \u201cThe Skeleton Dance\u201d (1929) und das Naturparkhaus Texelgruppe birgt eine beeindruckende Dauerausstellung. Auch die Urzeit-Ausstellung zu \u00d6tzi im ArcheoParc im Schnalstal solltest du nicht verpassen. Die Gletschermumie selbst kannst du im Arch\u00e4ologiemuseum in Bozen besichtigen. Auch die Dolomiten, das einzigartige UNESCO-Naturwelterbe, liegen nur knapp eine Autostunde von Naturns entfernt.[\/et_pb_text][\/et_pb_column][\/et_pb_row][et_pb_row column_structure=&#8220;3_5,2_5&#8243; _builder_version=&#8220;4.27.4&#8243; _module_preset=&#8220;default&#8220; global_colors_info=&#8220;{}&#8220;][et_pb_column type=&#8220;3_5&#8243; _builder_version=&#8220;4.27.4&#8243; _module_preset=&#8220;default&#8220; global_colors_info=&#8220;{}&#8220;][et_pb_text module_class=&#8220;title-with-underline&#8220; _builder_version=&#8220;4.27.4&#8243; _module_preset=&#8220;default&#8220; global_colors_info=&#8220;{}&#8220;]<\/p>\n<h4><strong>Buche dein Abenteuer!<\/strong><\/h4>\n<p>[\/et_pb_text][et_pb_text _builder_version=&#8220;4.27.4&#8243; _module_preset=&#8220;default&#8220; global_colors_info=&#8220;{}&#8220;]Im Tourismusb\u00fcro, direkt unter dem Rathausplatz Naturns, erh\u00e4ltst du kompetente Fachberatung \u00fcber die Umgebung und die vielf\u00e4ltigen buchbaren Services, die du dort auch bequem buchen kannst. Dies umfasst verschiedene Bikeshuttles, Almen-Wandertaxis sowie die Museum- oder Bikemobil Card. Dort erf\u00e4hrst du auch mehr \u00fcber die Weinverkostungen, Besichtigungen von Bauernbrennereien und meditative Wanderungen. Zudem findest du in Naturns diverse Verleihstationen, wo du dir top-moderne Fahrr\u00e4der und E-Bikes f\u00fcr deine Abenteuer auf zwei R\u00e4dern leihen kannst.[\/et_pb_text][\/et_pb_column][et_pb_column type=&#8220;2_5&#8243; _builder_version=&#8220;4.27.4&#8243; _module_preset=&#8220;default&#8220; global_colors_info=&#8220;{}&#8220;][et_pb_image src=&#8220;https:\/\/campingadler.com\/wp-content\/uploads\/2024\/12\/biken_naturns.jpg&#8220; alt=&#8220;Mountainbike&#8220; title_text=&#8220;Mountainbike&#8220; align=&#8220;center&#8220; _builder_version=&#8220;4.27.4&#8243; _module_preset=&#8220;default&#8220; global_colors_info=&#8220;{}&#8220;][\/et_pb_image][et_pb_text _builder_version=&#8220;4.27.4&#8243; _module_preset=&#8220;default&#8220; text_font_size=&#8220;11px&#8220; text_orientation=&#8220;center&#8220; custom_margin=&#8220;-30px||||false|false&#8220; custom_margin_tablet=&#8220;||||false|false&#8220; custom_margin_phone=&#8220;||||false|false&#8220; custom_margin_last_edited=&#8220;on|desktop&#8220; custom_padding=&#8220;||||false|false&#8220; locked=&#8220;off&#8220; global_colors_info=&#8220;{}&#8220;]Foto: TG Naturns, Gr\u00fcner Thomas[\/et_pb_text][\/et_pb_column][\/et_pb_row][\/et_pb_section][et_pb_section fb_built=&#8220;1&#8243; disabled_on=&#8220;off|off|on&#8220; _builder_version=&#8220;4.27.4&#8243; _module_preset=&#8220;default&#8220; locked=&#8220;off&#8220; global_colors_info=&#8220;{}&#8220;][et_pb_row column_structure=&#8220;2_5,3_5&#8243; _builder_version=&#8220;4.27.4&#8243; _module_preset=&#8220;default&#8220; global_colors_info=&#8220;{}&#8220;][et_pb_column type=&#8220;2_5&#8243; _builder_version=&#8220;4.27.4&#8243; _module_preset=&#8220;default&#8220; global_colors_info=&#8220;{}&#8220;][et_pb_image src=&#8220;https:\/\/campingadler.com\/wp-content\/uploads\/2024\/12\/wandern_naturns.jpg&#8220; alt=&#8220;Wandern&#8220; title_text=&#8220;Wandern&#8220; align=&#8220;center&#8220; _builder_version=&#8220;4.27.4&#8243; _module_preset=&#8220;default&#8220; global_colors_info=&#8220;{}&#8220;][\/et_pb_image][et_pb_text _builder_version=&#8220;4.27.4&#8243; _module_preset=&#8220;default&#8220; text_font_size=&#8220;11px&#8220; text_orientation=&#8220;center&#8220; custom_margin=&#8220;-30px||||false|false&#8220; custom_margin_tablet=&#8220;||||false|false&#8220; custom_margin_phone=&#8220;||||false|false&#8220; custom_margin_last_edited=&#8220;on|desktop&#8220; custom_padding=&#8220;||||false|false&#8220; locked=&#8220;off&#8220; global_colors_info=&#8220;{}&#8220;]Foto: TG Naturns, Philipp Reiter[\/et_pb_text][\/et_pb_column][et_pb_column type=&#8220;3_5&#8243; _builder_version=&#8220;4.27.4&#8243; _module_preset=&#8220;default&#8220; global_colors_info=&#8220;{}&#8220;][et_pb_text module_class=&#8220;title-with-underline&#8220; _builder_version=&#8220;4.27.4&#8243; _module_preset=&#8220;default&#8220; global_colors_info=&#8220;{}&#8220;]<\/p>\n<h4><strong>Aktiv in den Bergen: Wandern, Biken und mehr!<\/strong><\/h4>\n<p>[\/et_pb_text][et_pb_text _builder_version=&#8220;4.27.4&#8243; _module_preset=&#8220;default&#8220; global_colors_info=&#8220;{}&#8220;]Die durchschnittlich 315 Sonnentage pro Jahr in Naturns rufen f\u00f6rmlich nach Outdoor-Abenteuer! Im Tal wanderst du durch Apfelwiesen, entlang der Sonnenberg-H\u00e4nge schl\u00e4ngeln sich Waalwege, gekr\u00f6nt von den anspruchsvollen Gipfel der Texelgruppe auf \u00fcber 3.000 H\u00f6henmetern. Als Wander-Highlight gilt der Meraner H\u00f6henweg. Mit dem Bike findest du Genuss-Radtouren entlang des Etschradweges, Passstra\u00dfen f\u00fcrs Rennrad und MTB-Trails im Hochgebirge. Vom Jogging und Inlineskating im Nature.Fitness.Park\u00ae \u00fcber Klettersteige bis hin zu Tennis, Rafting, Minigolf, Sportklettern und Paragliding, f\u00fcr alle ist etwas dabei![\/et_pb_text][\/et_pb_column][\/et_pb_row][et_pb_row column_structure=&#8220;2_5,3_5&#8243; _builder_version=&#8220;4.27.4&#8243; _module_preset=&#8220;default&#8220; global_colors_info=&#8220;{}&#8220;][et_pb_column type=&#8220;2_5&#8243; _builder_version=&#8220;4.27.4&#8243; _module_preset=&#8220;default&#8220; global_colors_info=&#8220;{}&#8220;][et_pb_image src=&#8220;https:\/\/campingadler.com\/wp-content\/uploads\/2024\/12\/berge_naturns.jpg&#8220; alt=&#8220;Berge Naturns&#8220; title_text=&#8220;Berge Naturns&#8220; align=&#8220;center&#8220; _builder_version=&#8220;4.27.4&#8243; _module_preset=&#8220;default&#8220; global_colors_info=&#8220;{}&#8220;][\/et_pb_image][et_pb_text _builder_version=&#8220;4.27.4&#8243; _module_preset=&#8220;default&#8220; text_font_size=&#8220;11px&#8220; text_orientation=&#8220;center&#8220; custom_margin=&#8220;-30px||||false|false&#8220; custom_margin_tablet=&#8220;||||false|false&#8220; custom_margin_phone=&#8220;||||false|false&#8220; custom_margin_last_edited=&#8220;on|desktop&#8220; custom_padding=&#8220;||||false|false&#8220; locked=&#8220;off&#8220; global_colors_info=&#8220;{}&#8220;]Foto: TG Naturns, Fotostudio 2000[\/et_pb_text][\/et_pb_column][et_pb_column type=&#8220;3_5&#8243; _builder_version=&#8220;4.27.4&#8243; _module_preset=&#8220;default&#8220; global_colors_info=&#8220;{}&#8220;][et_pb_text module_class=&#8220;title-with-underline&#8220; _builder_version=&#8220;4.27.4&#8243; _module_preset=&#8220;default&#8220; global_colors_info=&#8220;{}&#8220;]<\/p>\n<h4><strong>Spa\u00df f\u00fcr die ganze Familie<\/strong><\/h4>\n<p>[\/et_pb_text][et_pb_text _builder_version=&#8220;4.27.4&#8243; _module_preset=&#8220;default&#8220; global_colors_info=&#8220;{}&#8220;]Abenteuer oder Entspannung? Hier findest du f\u00fcr dich und deine Liebsten eine Vielzahl spannender Aktivit\u00e4ten f\u00fcr alle Altersgruppen. Von Rad- oder Mountainbike-Touren, Kinder-Rafting bis hin zum Lama-Trekking. Nat\u00fcrlich ist die Wanderlust auch etwas f\u00fcr die Kleinsten. So sorgen bereits Panoramen auf den leichten Wanderwegen f\u00fcr Begeisterung und beim Geocaching k\u00f6nnen Eltern und Kinder gemeinsam auf Schatzsuche gehen. Im Dorf erwarten euch viele Spielpl\u00e4tze, ein Funpark sowie der Erlebnisbahnhof (Staben). Besonders gefragt sind zudem die Kletter- und Hochseilg\u00e4rten in der Umgebung.[\/et_pb_text][\/et_pb_column][\/et_pb_row][et_pb_row column_structure=&#8220;2_5,3_5&#8243; _builder_version=&#8220;4.27.4&#8243; _module_preset=&#8220;default&#8220; global_colors_info=&#8220;{}&#8220;][et_pb_column type=&#8220;2_5&#8243; _builder_version=&#8220;4.27.4&#8243; _module_preset=&#8220;default&#8220; global_colors_info=&#8220;{}&#8220;][et_pb_image src=&#8220;https:\/\/campingadler.com\/wp-content\/uploads\/2024\/12\/prokulus.jpg&#8220; alt=&#8220;Prokulus Kirche&#8220; title_text=&#8220;Prokulus Kirche&#8220; align=&#8220;center&#8220; _builder_version=&#8220;4.27.4&#8243; _module_preset=&#8220;default&#8220; global_colors_info=&#8220;{}&#8220;][\/et_pb_image][et_pb_text _builder_version=&#8220;4.27.4&#8243; _module_preset=&#8220;default&#8220; text_font_size=&#8220;11px&#8220; text_orientation=&#8220;center&#8220; custom_margin=&#8220;-30px||||false|false&#8220; custom_margin_tablet=&#8220;||||false|false&#8220; custom_margin_phone=&#8220;||||false|false&#8220; custom_margin_last_edited=&#8220;on|desktop&#8220; custom_padding=&#8220;||||false|false&#8220; locked=&#8220;off&#8220; global_colors_info=&#8220;{}&#8220;]Foto: TG Naturns, Fotostudio 2000[\/et_pb_text][\/et_pb_column][et_pb_column type=&#8220;3_5&#8243; _builder_version=&#8220;4.27.4&#8243; _module_preset=&#8220;default&#8220; global_colors_info=&#8220;{}&#8220;][et_pb_text module_class=&#8220;title-with-underline&#8220; _builder_version=&#8220;4.27.4&#8243; _module_preset=&#8220;default&#8220; global_colors_info=&#8220;{}&#8220;]<\/p>\n<h4><strong>Eine Hochburg der Kultur<\/strong><\/h4>\n<p>[\/et_pb_text][et_pb_text _builder_version=&#8220;4.27.4&#8243; _module_preset=&#8220;default&#8220; global_colors_info=&#8220;{}&#8220;]Auch \u00fcber Sehensw\u00fcrdigkeiten stolperst du hier beim Spazieren. Die Kirche St. Prokulus birgt fr\u00fchmittelalterliche Fresken, im Prokulus Museum liegen die Knochen der Pestopfer, Reinhold Messners Schloss Juval ist dem Mythos Berg gewidmet, die Plauser Totentanz-Fresken sind die Originalversion von Disneys \u201cThe Skeleton Dance\u201d (1929) und das Naturparkhaus Texelgruppe birgt eine beeindruckende Dauerausstellung. Auch die Urzeit-Ausstellung zu \u00d6tzi im ArcheoParc im Schnalstal solltest du nicht verpassen. Die Gletschermumie selbst kannst du im Arch\u00e4ologiemuseum in Bozen besichtigen. Auch die Dolomiten, das einzigartige UNESCO-Naturwelterbe, liegen nur knapp eine Autostunde von Naturns entfernt.[\/et_pb_text][\/et_pb_column][\/et_pb_row][et_pb_row column_structure=&#8220;2_5,3_5&#8243; _builder_version=&#8220;4.27.4&#8243; _module_preset=&#8220;default&#8220; global_colors_info=&#8220;{}&#8220;][et_pb_column type=&#8220;2_5&#8243; _builder_version=&#8220;4.27.4&#8243; _module_preset=&#8220;default&#8220; global_colors_info=&#8220;{}&#8220;][et_pb_image src=&#8220;https:\/\/campingadler.com\/wp-content\/uploads\/2024\/12\/biken_naturns.jpg&#8220; alt=&#8220;Mountainbike&#8220; title_text=&#8220;Mountainbike&#8220; align=&#8220;center&#8220; _builder_version=&#8220;4.27.4&#8243; _module_preset=&#8220;default&#8220; global_colors_info=&#8220;{}&#8220;][\/et_pb_image][et_pb_text _builder_version=&#8220;4.27.4&#8243; _module_preset=&#8220;default&#8220; text_font_size=&#8220;11px&#8220; text_orientation=&#8220;center&#8220; custom_margin=&#8220;-30px||||false|false&#8220; custom_margin_tablet=&#8220;||||false|false&#8220; custom_margin_phone=&#8220;||||false|false&#8220; custom_margin_last_edited=&#8220;on|desktop&#8220; custom_padding=&#8220;||||false|false&#8220; locked=&#8220;off&#8220; global_colors_info=&#8220;{}&#8220;]Foto: TG Naturns, Gr\u00fcner Thomas[\/et_pb_text][\/et_pb_column][et_pb_column type=&#8220;3_5&#8243; _builder_version=&#8220;4.27.4&#8243; _module_preset=&#8220;default&#8220; global_colors_info=&#8220;{}&#8220;][et_pb_text module_class=&#8220;title-with-underline&#8220; _builder_version=&#8220;4.27.4&#8243; _module_preset=&#8220;default&#8220; global_colors_info=&#8220;{}&#8220;]<\/p>\n<h4><strong>Buche dein Abenteuer!<\/strong><\/h4>\n<p>[\/et_pb_text][et_pb_text _builder_version=&#8220;4.27.4&#8243; _module_preset=&#8220;default&#8220; global_colors_info=&#8220;{}&#8220;]Im Tourismusb\u00fcro, direkt unter dem Rathausplatz Naturns, erh\u00e4ltst du kompetente Fachberatung \u00fcber die Umgebung und die vielf\u00e4ltigen buchbaren Services, die du dort auch bequem buchen kannst. Dies umfasst verschiedene Bikeshuttles, Almen-Wandertaxis sowie die Museum- oder Bikemobil Card. Dort erf\u00e4hrst du auch mehr \u00fcber die Weinverkostungen, Besichtigungen von Bauernbrennereien und meditative Wanderungen. Zudem findest du in Naturns diverse Verleihstationen, wo du dir top-moderne Fahrr\u00e4der und E-Bikes f\u00fcr deine Abenteuer auf zwei R\u00e4dern leihen kannst.[\/et_pb_text][\/et_pb_column][\/et_pb_row][\/et_pb_section][et_pb_section fb_built=&#8220;1&#8243; fullwidth=&#8220;on&#8220; _builder_version=&#8220;4.27.2&#8243; _module_preset=&#8220;default&#8220; background_color=&#8220;#f3f3f1&#8243; min_height=&#8220;50px&#8220; global_colors_info=&#8220;{}&#8220;][\/et_pb_section]<\/p>\n","protected":false},"excerpt":{"rendered":"<p>Hiking, biking, culture, and leisure activities in Naturns and the surrounding area\u2014from outdoor adventures to sightseeing.<\/p>","protected":false},"author":1,"featured_media":0,"parent":0,"menu_order":7,"comment_status":"closed","ping_status":"closed","template":"","meta":{"_et_pb_use_builder":"on","_et_pb_old_content":"","_et_gb_content_width":"","iawp_total_views":3214,"footnotes":""},"class_list":["post-329","page","type-page","status-publish","hentry"],"_links":{"self":[{"href":"https:\/\/campingadler.com\/en\/wp-json\/wp\/v2\/pages\/329","targetHints":{"allow":["GET"]}}],"collection":[{"href":"https:\/\/campingadler.com\/en\/wp-json\/wp\/v2\/pages"}],"about":[{"href":"https:\/\/campingadler.com\/en\/wp-json\/wp\/v2\/types\/page"}],"author":[{"embeddable":true,"href":"https:\/\/campingadler.com\/en\/wp-json\/wp\/v2\/users\/1"}],"replies":[{"embeddable":true,"href":"https:\/\/campingadler.com\/en\/wp-json\/wp\/v2\/comments?post=329"}],"version-history":[{"count":11,"href":"https:\/\/campingadler.com\/en\/wp-json\/wp\/v2\/pages\/329\/revisions"}],"predecessor-version":[{"id":987510472,"href":"https:\/\/campingadler.com\/en\/wp-json\/wp\/v2\/pages\/329\/revisions\/987510472"}],"wp:attachment":[{"href":"https:\/\/campingadler.com\/en\/wp-json\/wp\/v2\/media?parent=329"}],"curies":[{"name":"wp","href":"https:\/\/api.w.org\/{rel}","templated":true}]}}