{"id":57,"date":"2024-12-09T14:30:36","date_gmt":"2024-12-09T14:30:36","guid":{"rendered":"https:\/\/dolcevitacamping.com\/?page_id=57"},"modified":"2026-02-25T17:24:29","modified_gmt":"2026-02-25T17:24:29","slug":"pitch-plan-equipment","status":"publish","type":"page","link":"https:\/\/campingadler.com\/en\/stellplatzplan-ausstattung\/","title":{"rendered":"Pitch plan &amp; equipment"},"content":{"rendered":"<p>[et_pb_section fb_built=&#8220;1&#8243; disabled_on=&#8220;on|on|off&#8220; module_class=&#8220;tl_modern_hero39&#8243; _builder_version=&#8220;4.27.4&#8243; _module_preset=&#8220;default&#8220; background_color=&#8220;rgba(135,142,119,0.3)&#8220; custom_padding=&#8220;0px||0px||true|false&#8220; locked=&#8220;off&#8220; global_colors_info=&#8220;{}&#8220;][et_pb_row column_structure=&#8220;1_2,1_2&#8243; use_custom_gutter=&#8220;on&#8220; gutter_width=&#8220;1&#8243; _builder_version=&#8220;4.27.4&#8243; _module_preset=&#8220;default&#8220; width=&#8220;100%&#8220; max_width=&#8220;100%&#8220; custom_padding=&#8220;0px||0px||true|false&#8220; custom_css_main_element=&#8220;-webkit-box-align: center !important;||-webkit-align-items: center !important;||-ms-flex-align: center !important;||align-items: center !important;&#8220; global_colors_info=&#8220;{}&#8220;][et_pb_column type=&#8220;1_2&#8243; _builder_version=&#8220;4.27.4&#8243; _module_preset=&#8220;default&#8220; custom_padding=&#8220;100px|100px|100px|100px|true|true&#8220; custom_padding_tablet=&#8220;|30px||30px|true|true&#8220; custom_padding_phone=&#8220;|30px||30px|true|true&#8220; custom_padding_last_edited=&#8220;on|desktop&#8220; global_colors_info=&#8220;{}&#8220;][et_pb_text module_class=&#8220;title-with-underline&#8220; _builder_version=&#8220;4.27.4&#8243; _module_preset=&#8220;default&#8220; global_colors_info=&#8220;{}&#8220;]<\/p>\n<h1><strong>Ankommen &#038; Wohlf\u00fchlen<\/strong><\/h1>\n<p>[\/et_pb_text][et_pb_text _builder_version=&#8220;4.27.4&#8243; _module_preset=&#8220;default&#8220; custom_margin=&#8220;50px||||false|false&#8220; global_colors_info=&#8220;{}&#8220;]<\/p>\n<p>Unsere <strong>47 Stellpl\u00e4tze<\/strong> bieten alles, was Camperherzen h\u00f6herschlagen l\u00e4sst:<\/p>\n<ul>\n<li style=\"list-style-type: none;\">\n<ul>\n<li>Strom inklusive<\/li>\n<li>Strom-, Frisch- und Abwasseranschluss<\/li>\n<li>DVB-T- und SAT-TV-Anschluss<\/li>\n<li>Highspeed-WLAN auf dem gesamten Campinggel\u00e4nde<\/li>\n<\/ul>\n<\/li>\n<\/ul>\n<p>Zentral und dennoch ruhig im charmanten Dorf Naturns gelegen, erlebst du bei uns die perfekte Mischung aus Outdoor-Abenteuer, Entspannung und idyllischem Dorfleben.<\/p>\n<p>[\/et_pb_text][et_pb_button button_url=&#8220;@ET-DC@eyJkeW5hbWljIjp0cnVlLCJjb250ZW50IjoicG9zdF9saW5rX3VybF9wYWdlIiwic2V0dGluZ3MiOnsicG9zdF9pZCI6IjQ0MDc5NzgifX0=@&#8220; button_text=&#8220;SO SCH\u00d6N IST CAMPING HIER!&#8220; button_alignment=&#8220;left&#8220; admin_label=&#8220;Button&#8220; _builder_version=&#8220;4.27.4&#8243; _dynamic_attributes=&#8220;button_url&#8220; _module_preset=&#8220;default&#8220; custom_button=&#8220;on&#8220; button_text_size=&#8220;12px&#8220; button_text_color=&#8220;#FFFFFF&#8220; button_bg_color=&#8220;#3c4730&#8243; button_border_width=&#8220;0px&#8220; button_border_color=&#8220;#FFFFFF&#8220; button_border_radius=&#8220;50px&#8220; button_letter_spacing=&#8220;1px&#8220; button_font=&#8220;|700|||||||&#8220; button_icon=&#8220;&#xf302;||fa||400&#8243; button_icon_placement=&#8220;left&#8220; custom_margin=&#8220;50px||||false|false&#8220; custom_padding=&#8220;10px||10px||true|false&#8220; button_on_hover_last_edited=&#8220;off|desktop&#8220; custom_css_main_element=&#8220;width:280px;||text-align: center;&#8220; locked=&#8220;off&#8220; global_colors_info=&#8220;{}&#8220; button_bg_color__hover_enabled=&#8220;on|desktop&#8220; button_bg_color__hover=&#8220;#FFFFFF&#8220; button_bg_enable_color__hover=&#8220;on&#8220; button_text_color__hover_enabled=&#8220;on|hover&#8220; button_text_color__hover=&#8220;#3c472f&#8220; button_border_color__hover_enabled=&#8220;on|desktop&#8220; button_border_color__hover=&#8220;#BA1708&#8243;][\/et_pb_button][\/et_pb_column][et_pb_column type=&#8220;1_2&#8243; _builder_version=&#8220;4.27.4&#8243; _module_preset=&#8220;default&#8220; background_image=&#8220;https:\/\/campingadler.com\/wp-content\/uploads\/2025\/07\/Camping_Adler_Suedtirol.jpg&#8220; global_colors_info=&#8220;{}&#8220;][et_pb_divider show_divider=&#8220;off&#8220; _builder_version=&#8220;4.27.4&#8243; _module_preset=&#8220;default&#8220; background_enable_image=&#8220;off&#8220; background_position=&#8220;bottom_right&#8220; min_height=&#8220;750px&#8220; min_height_tablet=&#8220;350px&#8220; min_height_phone=&#8220;300px&#8220; min_height_last_edited=&#8220;on|desktop&#8220; link_option_url=&#8220;https:\/\/campingadler.com\/bildergalerie\/#001&#8243; link_option_url_new_window=&#8220;on&#8220; global_colors_info=&#8220;{}&#8220;][\/et_pb_divider][\/et_pb_column][\/et_pb_row][\/et_pb_section][et_pb_section fb_built=&#8220;1&#8243; disabled_on=&#8220;off|off|on&#8220; module_class=&#8220;tl_modern_hero39&#8243; _builder_version=&#8220;4.27.4&#8243; _module_preset=&#8220;default&#8220; background_color=&#8220;rgba(135,142,119,0.3)&#8220; custom_padding=&#8220;0px||0px||true|false&#8220; locked=&#8220;off&#8220; global_colors_info=&#8220;{}&#8220;][et_pb_row column_structure=&#8220;1_2,1_2&#8243; use_custom_gutter=&#8220;on&#8220; gutter_width=&#8220;1&#8243; _builder_version=&#8220;4.27.4&#8243; _module_preset=&#8220;default&#8220; width=&#8220;100%&#8220; max_width=&#8220;100%&#8220; custom_padding=&#8220;0px||0px||true|false&#8220; custom_css_main_element=&#8220;-webkit-box-align: center !important;||-webkit-align-items: center !important;||-ms-flex-align: center !important;||align-items: center !important;&#8220; global_colors_info=&#8220;{}&#8220;][et_pb_column type=&#8220;1_2&#8243; _builder_version=&#8220;4.27.4&#8243; _module_preset=&#8220;default&#8220; background_image=&#8220;https:\/\/campingadler.com\/wp-content\/uploads\/2025\/07\/Camping_Adler_Suedtirol.jpg&#8220; global_colors_info=&#8220;{}&#8220;][et_pb_divider show_divider=&#8220;off&#8220; _builder_version=&#8220;4.27.4&#8243; _module_preset=&#8220;default&#8220; background_enable_image=&#8220;off&#8220; background_position=&#8220;bottom_right&#8220; min_height=&#8220;750px&#8220; min_height_tablet=&#8220;350px&#8220; min_height_phone=&#8220;300px&#8220; min_height_last_edited=&#8220;on|desktop&#8220; link_option_url=&#8220;https:\/\/campingadler.com\/bildergalerie\/#001&#8243; link_option_url_new_window=&#8220;on&#8220; global_colors_info=&#8220;{}&#8220;][\/et_pb_divider][\/et_pb_column][et_pb_column type=&#8220;1_2&#8243; _builder_version=&#8220;4.27.4&#8243; _module_preset=&#8220;default&#8220; custom_padding=&#8220;100px|100px|100px|100px|true|true&#8220; custom_padding_tablet=&#8220;|30px||30px|true|true&#8220; custom_padding_phone=&#8220;|30px||30px|true|true&#8220; custom_padding_last_edited=&#8220;on|desktop&#8220; global_colors_info=&#8220;{}&#8220;][et_pb_text module_class=&#8220;title-with-underline&#8220; _builder_version=&#8220;4.27.4&#8243; _module_preset=&#8220;default&#8220; global_colors_info=&#8220;{}&#8220;]<\/p>\n<h1><strong>Ankommen &#038; Wohlf\u00fchlen<\/strong><\/h1>\n<p>[\/et_pb_text][et_pb_text _builder_version=&#8220;4.27.4&#8243; _module_preset=&#8220;default&#8220; custom_margin=&#8220;50px||||false|false&#8220; global_colors_info=&#8220;{}&#8220;]<\/p>\n<p>Unsere <strong>47 Stellpl\u00e4tze<\/strong> bieten alles, was Camperherzen h\u00f6herschlagen l\u00e4sst:<\/p>\n<ul>\n<li style=\"list-style-type: none;\">\n<ul>\n<li>Strom inklusive<\/li>\n<li>Strom-, Frisch- und Abwasseranschluss<\/li>\n<li>DVB-T- und SAT-TV-Anschluss<\/li>\n<li>Highspeed-WLAN auf dem gesamten Campinggel\u00e4nde<\/li>\n<\/ul>\n<\/li>\n<\/ul>\n<p>Zentral und dennoch ruhig im charmanten Dorf Naturns gelegen, erlebst du bei uns die perfekte Mischung aus Outdoor-Abenteuer, Entspannung und idyllischem Dorfleben.<\/p>\n<p>[\/et_pb_text][et_pb_button button_url=&#8220;@ET-DC@eyJkeW5hbWljIjp0cnVlLCJjb250ZW50IjoicG9zdF9saW5rX3VybF9wYWdlIiwic2V0dGluZ3MiOnsicG9zdF9pZCI6IjQ0MDc5NzgifX0=@&#8220; button_text=&#8220;SO SCH\u00d6N IST CAMPING HIER!&#8220; button_alignment=&#8220;left&#8220; admin_label=&#8220;Button&#8220; _builder_version=&#8220;4.27.4&#8243; _dynamic_attributes=&#8220;button_url&#8220; _module_preset=&#8220;default&#8220; custom_button=&#8220;on&#8220; button_text_size=&#8220;12px&#8220; button_text_color=&#8220;#FFFFFF&#8220; button_bg_color=&#8220;#3c4730&#8243; button_border_width=&#8220;0px&#8220; button_border_color=&#8220;#FFFFFF&#8220; button_border_radius=&#8220;50px&#8220; button_letter_spacing=&#8220;1px&#8220; button_font=&#8220;|700|||||||&#8220; button_icon=&#8220;&#xf302;||fa||400&#8243; button_icon_placement=&#8220;left&#8220; custom_margin=&#8220;50px||||false|false&#8220; custom_padding=&#8220;10px||10px||true|false&#8220; button_on_hover_last_edited=&#8220;off|desktop&#8220; custom_css_main_element=&#8220;width:280px;||text-align: center;&#8220; locked=&#8220;off&#8220; global_colors_info=&#8220;{}&#8220; button_bg_color__hover_enabled=&#8220;on|desktop&#8220; button_bg_color__hover=&#8220;#FFFFFF&#8220; button_bg_enable_color__hover=&#8220;on&#8220; button_text_color__hover_enabled=&#8220;on|hover&#8220; button_text_color__hover=&#8220;#3c472f&#8220; button_border_color__hover_enabled=&#8220;on|desktop&#8220; button_border_color__hover=&#8220;#BA1708&#8243;][\/et_pb_button][\/et_pb_column][\/et_pb_row][\/et_pb_section][et_pb_section fb_built=&#8220;1&#8243; fullwidth=&#8220;on&#8220; _builder_version=&#8220;4.27.2&#8243; _module_preset=&#8220;default&#8220; background_color=&#8220;#f3f3f1&#8243; min_height=&#8220;50px&#8220; global_colors_info=&#8220;{}&#8220;][\/et_pb_section][et_pb_section fb_built=&#8220;1&#8243; _builder_version=&#8220;4.27.4&#8243; _module_preset=&#8220;default&#8220; custom_padding=&#8220;||0px|||&#8220; global_colors_info=&#8220;{}&#8220;][et_pb_row _builder_version=&#8220;4.27.4&#8243; _module_preset=&#8220;default&#8220; global_colors_info=&#8220;{}&#8220;][et_pb_column type=&#8220;4_4&#8243; _builder_version=&#8220;4.27.4&#8243; _module_preset=&#8220;default&#8220; global_colors_info=&#8220;{}&#8220;][et_pb_text module_class=&#8220;title-with-underline&#8220; _builder_version=&#8220;4.27.4&#8243; _module_preset=&#8220;default&#8220; global_colors_info=&#8220;{}&#8220;]<\/p>\n<h2><strong>Unser Stellplatzplan: Alles auf einen Blick!<\/strong><\/h2>\n<p>[\/et_pb_text][et_pb_image src=&#8220;https:\/\/campingadler.com\/wp-content\/uploads\/2026\/02\/stellplatzplan_2026.jpg&#8220; alt=&#8220;Stellplatzplan 2026&#8243; title_text=&#8220;Stellplatzplan 2026&#8243; url=&#8220;https:\/\/campingadler.com\/wp-content\/uploads\/2026\/02\/stellplatzplan_2026.pdf&#8220; url_new_window=&#8220;on&#8220; _builder_version=&#8220;4.27.5&#8243; _module_preset=&#8220;default&#8220; global_colors_info=&#8220;{}&#8220;][\/et_pb_image][\/et_pb_column][\/et_pb_row][\/et_pb_section][et_pb_section fb_built=&#8220;1&#8243; admin_label=&#8220;Teiler wegen Anker&#8220; _builder_version=&#8220;4.27.4&#8243; _module_preset=&#8220;default&#8220; min_height=&#8220;0px&#8220; height=&#8220;0px&#8220; max_height=&#8220;0px&#8220; custom_padding=&#8220;27px||0px||false|false&#8220; global_colors_info=&#8220;{}&#8220;][et_pb_row _builder_version=&#8220;4.27.4&#8243; _module_preset=&#8220;default&#8220; global_colors_info=&#8220;{}&#8220;][et_pb_column type=&#8220;4_4&#8243; _builder_version=&#8220;4.27.4&#8243; _module_preset=&#8220;default&#8220; global_colors_info=&#8220;{}&#8220;][et_pb_divider show_divider=&#8220;off&#8220; module_id=&#8220;inclusive&#8220; _builder_version=&#8220;4.27.4&#8243; _module_preset=&#8220;default&#8220; min_height_tablet=&#8220;&#8220; min_height_phone=&#8220;&#8220; min_height_last_edited=&#8220;on|desktop&#8220; custom_padding=&#8220;||||false|false&#8220; custom_padding_tablet=&#8220;||50px||false|false&#8220; custom_padding_phone=&#8220;||50px||false|false&#8220; custom_padding_last_edited=&#8220;on|desktop&#8220; global_colors_info=&#8220;{}&#8220;][\/et_pb_divider][\/et_pb_column][\/et_pb_row][\/et_pb_section][et_pb_section fb_built=&#8220;1&#8243; _builder_version=&#8220;4.27.4&#8243; _module_preset=&#8220;default&#8220; custom_padding=&#8220;0px||0px|||&#8220; global_colors_info=&#8220;{}&#8220;][et_pb_row _builder_version=&#8220;4.27.4&#8243; _module_preset=&#8220;default&#8220; global_colors_info=&#8220;{}&#8220;][et_pb_column type=&#8220;4_4&#8243; _builder_version=&#8220;4.27.4&#8243; _module_preset=&#8220;default&#8220; global_colors_info=&#8220;{}&#8220;][et_pb_text _builder_version=&#8220;4.27.4&#8243; _module_preset=&#8220;default&#8220; custom_margin=&#8220;||24px|||&#8220; custom_margin_tablet=&#8220;-50px||||false|false&#8220; custom_margin_phone=&#8220;-50px||||false|false&#8220; custom_margin_last_edited=&#8220;on|tablet&#8220; text_font_size_tablet=&#8220;&#8220; text_font_size_phone=&#8220;&#8220; text_font_size_last_edited=&#8220;on|tablet&#8220; header_font_size_tablet=&#8220;30px&#8220; header_font_size_phone=&#8220;30px&#8220; header_font_size_last_edited=&#8220;on|tablet&#8220; header_3_font_size_tablet=&#8220;&#8220; header_3_font_size_phone=&#8220;&#8220; header_3_font_size_last_edited=&#8220;on|tablet&#8220; global_colors_info=&#8220;{}&#8220; header_font_size__hover_enabled=&#8220;off|desktop&#8220;]<\/p>\n<h3><strong>Unsere Inklusivleistungen:<\/strong><\/h3>\n<p>[\/et_pb_text][et_pb_text _builder_version=&#8220;4.27.4&#8243; _module_preset=&#8220;default&#8220; custom_padding=&#8220;0px|||||&#8220; global_colors_info=&#8220;{}&#8220;]<\/p>\n<ul>\n<li style=\"list-style-type: none;\">\n<ul>\n<li>Stellplatz im Herzen von Naturns mit Strom, Frisch- &amp; Abwasseranschluss, DVB-T\/SAT-TV-Anschluss und Highspeed-WLAN<\/li>\n<li>Smart Reception mit 24h Self-Check-In &amp; -Out<\/li>\n<li>S\u00fcdtirol Guest Pass f\u00fcr die kostenlose Nutzung des \u00f6ffentlichen Nahverkehrs<\/li>\n<li>Hochwertige Sanit\u00e4ranlagen mit Einzel-Duschkabinen und Toiletten<\/li>\n<li>Hallenbad mit Whirlpool und Saunabereich (Sauna im Fr\u00fchling &amp; Herbst aktiv)<\/li>\n<li>24h-Shop mit Einkaufsm\u00f6glichkeiten, Fr\u00fchst\u00fccksbrot auf Vorbestellung und selbstbedienbarer Kaffeemaschine mit S\u00fcdtiroler R\u00f6stkaffee Caroma<\/li>\n<li>Zwei Lounges \u2013 innen und au\u00dfen \u2013 zum geselligen Beisammensein<\/li>\n<li>Coworking Space mit drei voll ausgestatteten Schreibtischen<\/li>\n<li>Spielplatz und Spielraum f\u00fcr Kinder und Jugendliche<\/li>\n<li>Waschk\u00fcche mit Sp\u00fclbecken, Waschmaschine und Trockner (gegen Geb\u00fchr)<\/li>\n<li>Ver- und Entsorgungsstation f\u00fcr Camper<\/li>\n<li>Hundedusche<\/li>\n<li>City Bikes zur freien Entnahme<\/li>\n<li>M\u00fcllsammelstelle<\/li>\n<\/ul>\n<\/li>\n<\/ul>\n<p>[\/et_pb_text][\/et_pb_column][\/et_pb_row][\/et_pb_section][et_pb_section fb_built=&#8220;1&#8243; custom_padding_last_edited=&#8220;on|desktop&#8220; _builder_version=&#8220;4.27.4&#8243; _module_preset=&#8220;default&#8220; custom_margin=&#8220;||||false|false&#8220; custom_padding=&#8220;0px||0px||false|false&#8220; custom_padding_tablet=&#8220;0px||0px||false|false&#8220; custom_padding_phone=&#8220;||0px||false|false&#8220; locked=&#8220;off&#8220; global_colors_info=&#8220;{}&#8220;][et_pb_row _builder_version=&#8220;4.27.4&#8243; _module_preset=&#8220;default&#8220; global_colors_info=&#8220;{}&#8220;][et_pb_column type=&#8220;4_4&#8243; _builder_version=&#8220;4.27.4&#8243; _module_preset=&#8220;default&#8220; global_colors_info=&#8220;{}&#8220;][et_pb_text _builder_version=&#8220;4.27.4&#8243; _module_preset=&#8220;default&#8220; header_3_font_size_tablet=&#8220;&#8220; header_3_font_size_phone=&#8220;19px&#8220; header_3_font_size_last_edited=&#8220;on|phone&#8220; header_3_line_height_tablet=&#8220;1.1em&#8220; header_3_line_height_phone=&#8220;1.2em&#8220; header_3_line_height_last_edited=&#8220;on|phone&#8220; global_colors_info=&#8220;{}&#8220;]<\/p>\n<h3><strong>Genie\u00dft h\u00f6chsten Komfort und maximale Privatsph\u00e4re in unseren exklusiven Mietr\u00e4umen:<\/strong><\/h3>\n<p>[\/et_pb_text][\/et_pb_column][\/et_pb_row][et_pb_row column_structure=&#8220;1_3,1_3,1_3&#8243; use_custom_gutter=&#8220;on&#8220; gutter_width=&#8220;1&#8243; make_equal=&#8220;on&#8220; _builder_version=&#8220;4.27.4&#8243; _module_preset=&#8220;default&#8220; width=&#8220;100%&#8220; custom_margin=&#8220;||||false|false&#8220; custom_padding=&#8220;0px||||false|false&#8220; custom_css_free_form=&#8220;\/* ============================================||   Galerie-\/Slider-Pfeile \u2013 Desktop + Mobile||   ============================================ *\/||||\/* Grundstil \u2013 Desktop *\/||.et_pb_slider .et-pb-arrow-prev,||.et_pb_slider .et-pb-arrow-next,||.et_pb_gallery .et-pb-slider .et-pb-arrow-prev,||.et_pb_gallery .et-pb-slider .et-pb-arrow-next {||  position: absolute;|| top: calc(50% + 16px) !important;  transform: translateY(-50%) !important; \/* leicht nach unten versetzt *\/||  width: 52px;||  height: 52px;||  border-radius: 50%;||  background: rgba(0,0,0,0.25);||  color: #fff !important;||  fill: #fff !important;||  opacity: 1 !important;||  z-index: 5;||  display: flex;||  align-items: center;||  justify-content: center;||  transition: background 0.2s;||}||||\/* Hover-Effekt *\/||.et_pb_slider .et-pb-arrow-prev:hover,||.et_pb_slider .et-pb-arrow-next:hover,||.et_pb_gallery .et-pb-slider .et-pb-arrow-prev:hover,||.et_pb_gallery .et-pb-slider .et-pb-arrow-next:hover {||  background: rgba(0,0,0,0.45);||}||||\/* Abstand vom linken\/rechten Rand *\/||.et_pb_slider .et-pb-arrow-prev,||.et_pb_gallery .et-pb-slider .et-pb-arrow-prev {||  left: 12px;||}||.et_pb_slider .et-pb-arrow-next,||.et_pb_gallery .et-pb-slider .et-pb-arrow-next {||  right: 12px;||}||||\/* Pfeil-Icon \u2013 Desktop *\/||.et-pb-arrow-prev:before,||.et-pb-arrow-next:before {||  font-size: 26px;||  line-height: 1;||  color: inherit;||}||||\/* ============================================||   MOBILE \u2013 kleinere Pfeilkreise||   ============================================ *\/||@media only screen and (max-width: 767px) {||||  .et_pb_slider .et-pb-arrow-prev,||  .et_pb_slider .et-pb-arrow-next,||  .et_pb_gallery .et-pb-slider .et-pb-arrow-prev,||  .et_pb_gallery .et-pb-slider .et-pb-arrow-next {||    width: 36px;     \/* kleinerer Kreis *\/||    height: 36px;||    transform: translateY(-50%) !important; \/* gleiche vertikale Korrektur *\/||  }||||  .et-pb-arrow-prev:before,||  .et-pb-arrow-next:before {||    font-size: 18px; \/* kleineres Pfeil-Icon *\/||  }||}&#8220; global_colors_info=&#8220;{}&#8220;][et_pb_column type=&#8220;1_3&#8243; _builder_version=&#8220;4.27.4&#8243; _module_preset=&#8220;default&#8220; background_color=&#8220;rgba(148,137,63,0.4)&#8220; global_colors_info=&#8220;{}&#8220;][et_pb_gallery gallery_ids=&#8220;4407873,4407874,4407875&#8243; fullwidth=&#8220;on&#8220; _builder_version=&#8220;4.27.4&#8243; _module_preset=&#8220;default&#8220; custom_padding=&#8220;35px|35px|35px|35px|true|true&#8220; global_colors_info=&#8220;{}&#8220;][\/et_pb_gallery][et_pb_text _builder_version=&#8220;4.27.4&#8243; _module_preset=&#8220;default&#8220; width=&#8220;89.3%&#8220; custom_margin=&#8220;|35px||35px|false|true&#8220; custom_padding=&#8220;||||false|false&#8220; custom_padding_tablet=&#8220;|50px||50px|false|false&#8220; custom_padding_phone=&#8220;|10px||10px|false|true&#8220; custom_padding_last_edited=&#8220;on|phone&#8220; global_colors_info=&#8220;{}&#8220;]<\/p>\n<h2><strong>Private Spa<\/strong><\/h2>\n<p>Eure pers\u00f6nliche Wellness-Oase mit finnischer Vollholz-Sauna, erfrischender Outdoor-Dusche, warmen Whirlpool, privater Liegewiese, kuschliger Relax-Lounge, Teek\u00fcche mit Minibar und Duschbereich.<\/p>\n<p>[\/et_pb_text][et_pb_text admin_label=&#8220;AGB&#8220; _builder_version=&#8220;4.27.4&#8243; _module_preset=&#8220;default&#8220; text_font=&#8220;Nanum Gothic||||||||&#8220; header_font=&#8220;Marcellus||||||||&#8220; header_font_size=&#8220;35px&#8220; header_3_font=&#8220;Marcellus||||||||&#8220; header_5_font=&#8220;Noto Sans|300|||||||&#8220; header_5_text_color=&#8220;#343A40&#8243; custom_margin=&#8220;35px|35px|35px|35px|true|true&#8220; link_option_url=&#8220;\/schwimmbad-saunas\/#privatespa&#8220; locked=&#8220;off&#8220; global_colors_info=&#8220;{}&#8220; header_5_text_color__hover=&#8220;#FFB70F&#8220; header_5_text_color__hover_enabled=&#8220;on|desktop&#8220;]<\/p>\n<h5><strong>\u2192 weiter<\/strong><\/h5>\n<p>[\/et_pb_text][\/et_pb_column][et_pb_column type=&#8220;1_3&#8243; _builder_version=&#8220;4.27.4&#8243; _module_preset=&#8220;default&#8220; background_color=&#8220;rgba(148,137,63,0.3)&#8220; global_colors_info=&#8220;{}&#8220;][et_pb_gallery gallery_ids=&#8220;987510014,279,987510309,987510310,987510311,987510312,987510313&#8243; fullwidth=&#8220;on&#8220; _builder_version=&#8220;4.27.4&#8243; _module_preset=&#8220;default&#8220; custom_padding=&#8220;35px|35px|35px|35px|true|true&#8220; global_colors_info=&#8220;{}&#8220;][\/et_pb_gallery][et_pb_text _builder_version=&#8220;4.27.4&#8243; _module_preset=&#8220;default&#8220; link_font=&#8220;||||on||||&#8220; custom_margin=&#8220;|35px||35px|false|true&#8220; custom_padding=&#8220;||||false|false&#8220; custom_padding_tablet=&#8220;|50px||50px|false|false&#8220; custom_padding_phone=&#8220;|10px||10px|false|true&#8220; custom_padding_last_edited=&#8220;on|phone&#8220; global_colors_info=&#8220;{}&#8220;]<\/p>\n<h2><strong>Private Space<\/strong><\/h2>\n<p>Zwei komfortable Wohnbereiche mit sonniger Terrasse, voll ausgestatteter K\u00fcche, gro\u00dfem Esszimmer, gem\u00fctlichem Wohnzimmer mit TV, privatem Badezimmer sowie praktischen Schr\u00e4nken und Ablagefl\u00e4chen f\u00fcr zus\u00e4tzlichen Komfort.<\/p>\n<p>[\/et_pb_text][et_pb_text admin_label=&#8220;AGB&#8220; _builder_version=&#8220;4.27.4&#8243; _dynamic_attributes=&#8220;link_option_url&#8220; _module_preset=&#8220;default&#8220; text_font=&#8220;Nanum Gothic||||||||&#8220; header_font=&#8220;Marcellus||||||||&#8220; header_font_size=&#8220;35px&#8220; header_3_font=&#8220;Marcellus||||||||&#8220; header_5_font=&#8220;Noto Sans|300|||||||&#8220; header_5_text_color=&#8220;#343A40&#8243; custom_margin=&#8220;35px|35px|35px|35px|true|true&#8220; link_option_url=&#8220;@ET-DC@eyJkeW5hbWljIjp0cnVlLCJjb250ZW50IjoicG9zdF9saW5rX3VybF9wYWdlIiwic2V0dGluZ3MiOnsicG9zdF9pZCI6IjI4MiJ9fQ==@&#8220; locked=&#8220;off&#8220; global_colors_info=&#8220;{}&#8220; header_5_text_color__hover=&#8220;#FFB70F&#8220; header_5_text_color__hover_enabled=&#8220;on|desktop&#8220;]<\/p>\n<h5><strong>\u2192 weiter<\/strong><\/h5>\n<p>[\/et_pb_text][\/et_pb_column][et_pb_column type=&#8220;1_3&#8243; _builder_version=&#8220;4.27.4&#8243; _module_preset=&#8220;default&#8220; background_color=&#8220;rgba(148,137,63,0.2)&#8220; global_colors_info=&#8220;{}&#8220;][et_pb_gallery gallery_ids=&#8220;4407844,4407845,4407846,4407856&#8243; fullwidth=&#8220;on&#8220; _builder_version=&#8220;4.27.4&#8243; _module_preset=&#8220;default&#8220; custom_padding=&#8220;35px|35px|35px|35px|true|true&#8220; global_colors_info=&#8220;{}&#8220;][\/et_pb_gallery][et_pb_text _builder_version=&#8220;4.27.4&#8243; _module_preset=&#8220;default&#8220; custom_margin=&#8220;|35px||35px|false|true&#8220; custom_padding=&#8220;||||false|false&#8220; custom_padding_tablet=&#8220;|50px||50px|false|false&#8220; custom_padding_phone=&#8220;|10px||10px|false|true&#8220; custom_padding_last_edited=&#8220;on|phone&#8220; global_colors_info=&#8220;{}&#8220;]<\/p>\n<h2><strong>Private Bathroom<\/strong><\/h2>\n<p>Drei private Badezimmer mit eigener Dusche, Doppelwaschbecken, Bidet, WC, Haartrockner sowie Schubladen und Ablagefl\u00e4chen \u2013 f\u00fcr ein rundum entspanntes und exklusives Aufenthaltserlebnis.<\/p>\n<p>[\/et_pb_text][et_pb_text admin_label=&#8220;AGB&#8220; _builder_version=&#8220;4.27.4&#8243; _dynamic_attributes=&#8220;link_option_url&#8220; _module_preset=&#8220;default&#8220; text_font=&#8220;Nanum Gothic||||||||&#8220; header_font=&#8220;Marcellus||||||||&#8220; header_font_size=&#8220;35px&#8220; header_3_font=&#8220;Marcellus||||||||&#8220; header_5_font=&#8220;Noto Sans|300|||||||&#8220; header_5_text_color=&#8220;#343A40&#8243; custom_margin=&#8220;35px|35px|35px|35px|true|true&#8220; link_option_url=&#8220;@ET-DC@eyJkeW5hbWljIjp0cnVlLCJjb250ZW50IjoicG9zdF9saW5rX3VybF9wYWdlIiwic2V0dGluZ3MiOnsicG9zdF9pZCI6IjIxMiJ9fQ==@&#8220; locked=&#8220;off&#8220; global_colors_info=&#8220;{}&#8220; header_5_text_color__hover=&#8220;#FFB70F&#8220; header_5_text_color__hover_enabled=&#8220;on|desktop&#8220;]<\/p>\n<h5><strong>\u2192 weiter<\/strong><\/h5>\n<p>[\/et_pb_text][\/et_pb_column][\/et_pb_row][\/et_pb_section][et_pb_section fb_built=&#8220;1&#8243; fullwidth=&#8220;on&#8220; _builder_version=&#8220;4.27.2&#8243; _module_preset=&#8220;default&#8220; background_color=&#8220;#f3f3f1&#8243; min_height=&#8220;50px&#8220; global_colors_info=&#8220;{}&#8220;][\/et_pb_section][et_pb_section fb_built=&#8220;1&#8243; _builder_version=&#8220;4.27.4&#8243; _module_preset=&#8220;default&#8220; locked=&#8220;off&#8220; global_colors_info=&#8220;{}&#8220;][et_pb_row column_structure=&#8220;2_5,3_5&#8243; _builder_version=&#8220;4.27.4&#8243; _module_preset=&#8220;default&#8220; global_colors_info=&#8220;{}&#8220;][et_pb_column type=&#8220;2_5&#8243; _builder_version=&#8220;4.27.4&#8243; _module_preset=&#8220;default&#8220; global_colors_info=&#8220;{}&#8220;][dnxte_coverflowslider_parent dnxte_coverflow_autoplay_show_hide=&#8220;off&#8220; dnxte_coverflow_loop=&#8220;on&#8220; dnxte_coverflow_centered_slides=&#8220;on&#8220; dnxte_coverflow_mousewheel_enable=&#8220;off&#8220; dnxte_coverflow_speed=&#8220;1000&#8243; dnxte_coverflow_spacebetween=&#8220;0&#8243; dnxte_coverflow_arrows=&#8220;on&#8220; dnxte_coverflow_pagination_type=&#8220;none&#8220; dnxte_coverflow_breakpoint_desktop=&#8220;1&#8243; dnxte_coverflow_arrow_color=&#8220;#3C472F&#8220; dnxte_coverflow_arrow_background_color=&#8220;RGBA(255,255,255,0)&#8220; dnxte_coverflow_arrow_size=&#8220;40&#8243; dnxte_coverflow_arrow_position=&#8220;outer&#8220; _builder_version=&#8220;4.27.4&#8243; _module_preset=&#8220;default&#8220; border_color_all_arrow_border=&#8220;#FFFFFF&#8220; border_style_all_arrow_border=&#8220;groove&#8220; locked=&#8220;off&#8220; global_colors_info=&#8220;{}&#8220;][dnxte_coverflowslider_child coverflowslider_layouts=&#8220;below-image&#8220; coverflowslider_content=&#8220;<\/p>\n<p>\u00a9TG Naturns, Philipp Ausserhofer<\/p>\n<p>&#8220; coverflowslider_image=&#8220;https:\/\/campingadler.com\/wp-content\/uploads\/2025\/11\/Trailrunning-Sonnenberg-Aussicht-TG-Naturns_Phil-Ausserhofer-4.jpg&#8220; coverflowslider_alt=&#8220;\u00a9TG Naturns, Philipp Ausserhofer&#8220; _builder_version=&#8220;4.27.4&#8243; _module_preset=&#8220;default&#8220; content_text_align=&#8220;center&#8220; content_font_size=&#8220;10px&#8220; global_colors_info=&#8220;{}&#8220;][\/dnxte_coverflowslider_child][dnxte_coverflowslider_child coverflowslider_layouts=&#8220;below-image&#8220; coverflowslider_content=&#8220;\u00a9Philipp-Reiter, TG Naturns&#8220; coverflowslider_image=&#8220;https:\/\/campingadler.com\/wp-content\/uploads\/2025\/05\/Klettern-Klettersteig-Hoachwool-\u00a9Philipp-Reiter-79.jpg&#8220; coverflowslider_alt=&#8220;\u00a9Philipp-Reiter, TG Naturns&#8220; _builder_version=&#8220;4.27.4&#8243; _module_preset=&#8220;default&#8220; content_text_align=&#8220;center&#8220; content_font_size=&#8220;10px&#8220; global_colors_info=&#8220;{}&#8220;][\/dnxte_coverflowslider_child][dnxte_coverflowslider_child coverflowslider_layouts=&#8220;below-image&#8220; coverflowslider_content=&#8220;@Gr\u00fcner Thomas, TG Naturns&#8220; coverflowslider_image=&#8220;https:\/\/campingadler.com\/wp-content\/uploads\/2025\/05\/Dorfansicht-Bluete-Fruehling-TG-Naturns_PhotoGruenerThomas-2.jpg&#8220; coverflowslider_alt=&#8220;@Gr\u00fcner Thomas, TG Naturns&#8220; _builder_version=&#8220;4.27.4&#8243; _module_preset=&#8220;default&#8220; content_text_align=&#8220;center&#8220; content_font_size=&#8220;10px&#8220; global_colors_info=&#8220;{}&#8220;][\/dnxte_coverflowslider_child][dnxte_coverflowslider_child coverflowslider_layouts=&#8220;below-image&#8220; coverflowslider_content=&#8220;@Gr\u00fcner Thomas, TG Naturns&#8220; coverflowslider_image=&#8220;https:\/\/campingadler.com\/wp-content\/uploads\/2025\/05\/Apfelbluete-Fruehling-TG-Naturns_PhotoGruenerThomas-1.jpg&#8220; coverflowslider_alt=&#8220;@Gr\u00fcner Thomas, TG Naturns&#8220; _builder_version=&#8220;4.27.4&#8243; _module_preset=&#8220;default&#8220; content_text_align=&#8220;center&#8220; content_font_size=&#8220;10px&#8220; global_colors_info=&#8220;{}&#8220;][\/dnxte_coverflowslider_child][dnxte_coverflowslider_child coverflowslider_layouts=&#8220;below-image&#8220; coverflowslider_content=&#8220;@Manuel Ferrigato, TG Naturns&#8220; coverflowslider_image=&#8220;https:\/\/campingadler.com\/wp-content\/uploads\/2025\/05\/Genuss-Aperitif-Wein-IDM-Suedtirol_Manuel-Ferrigato.jpg&#8220; coverflowslider_alt=&#8220;@Manuel Ferrigato, TG Naturns&#8220; _builder_version=&#8220;4.27.4&#8243; _module_preset=&#8220;default&#8220; content_text_align=&#8220;center&#8220; content_font_size=&#8220;10px&#8220; global_colors_info=&#8220;{}&#8220;][\/dnxte_coverflowslider_child][dnxte_coverflowslider_child coverflowslider_layouts=&#8220;below-image&#8220; coverflowslider_content=&#8220;Timo Pretzl, Christoph-Laue, TG Naturns&#8220; coverflowslider_image=&#8220;https:\/\/campingadler.com\/wp-content\/uploads\/2025\/05\/Biken-E-MTB-Timo-Pretzl-Christoph-Laue-Tourismusgenossenschaft-Naturns-5.jpg&#8220; coverflowslider_alt=&#8220;Timo Pretzl, Christoph-Laue, TG Naturns&#8220; _builder_version=&#8220;4.27.4&#8243; _module_preset=&#8220;default&#8220; content_text_align=&#8220;center&#8220; content_font_size=&#8220;10px&#8220; global_colors_info=&#8220;{}&#8220;][\/dnxte_coverflowslider_child][\/dnxte_coverflowslider_parent][\/et_pb_column][et_pb_column type=&#8220;3_5&#8243; _builder_version=&#8220;4.27.4&#8243; _module_preset=&#8220;default&#8220; global_colors_info=&#8220;{}&#8220;][et_pb_text module_class=&#8220;title-with-underline&#8220; _builder_version=&#8220;4.27.4&#8243; _module_preset=&#8220;default&#8220; locked=&#8220;off&#8220; global_colors_info=&#8220;{}&#8220;]<\/p>\n<h3><strong>Unsere Lage: Ein Unikat!<\/strong><\/h3>\n<p>[\/et_pb_text][et_pb_text _builder_version=&#8220;4.27.4&#8243; _module_preset=&#8220;default&#8220; global_colors_info=&#8220;{}&#8220;]<\/p>\n<p>Mitten im Dorf Naturns liegt unser Campingplatz \u2013 sonnig, ruhig und umgeben von der einzigartigen Berglandschaft S\u00fcdtirols. Caf\u00e9s, Restaurants und Gesch\u00e4fte sind bequem zu Fu\u00df erreichbar.<\/p>\n<p>Direkt vom Platz aus startet ihr zu traumhaften Wanderungen auf den Naturnser Sonnen- und N\u00f6rderberg oder erkundet die Umgebung bei malerischen Fahrradtouren.<\/p>\n<p>F\u00fcr alle Sportbegeisterten gibt es direkt neben dem Campingplatz ein wahres Sportparadies: Fu\u00dfball- und Basketballfeld, Skatepark, Pumptrack, eine Tennisanlage mit vier Au\u00dfenpl\u00e4tzen und Tennishalle sowie Beachvolleyball- und Padel-Tennis-Felder.<\/p>\n<p>Dank der idealen Anbindung an Bus und Bahn bleibt ihr mobil, und mit dem S\u00fcdtirol Guest Pass reist ihr als unsere G\u00e4ste sogar kostenlos durch ganz S\u00fcdtirol.<\/p>\n<p>Nach einem aktiven Tag kehrt ihr zur\u00fcck in die Ruhe unseres Platzes, genie\u00dft Entspannung, Erholung und die besondere Atmosph\u00e4re unserer kleinen Camping-Oase.<\/p>\n<p>[\/et_pb_text][\/et_pb_column][\/et_pb_row][\/et_pb_section][et_pb_section fb_built=&#8220;1&#8243; fullwidth=&#8220;on&#8220; _builder_version=&#8220;4.27.2&#8243; _module_preset=&#8220;default&#8220; background_color=&#8220;#f3f3f1&#8243; min_height=&#8220;50px&#8220; global_colors_info=&#8220;{}&#8220;][\/et_pb_section]<\/p>\n","protected":false},"excerpt":{"rendered":"<p>Clear site plan showing location, facilities, included services, and information about the spa, sanitary facilities, and infrastructure.<\/p>","protected":false},"author":1,"featured_media":0,"parent":0,"menu_order":1,"comment_status":"closed","ping_status":"closed","template":"","meta":{"_et_pb_use_builder":"on","_et_pb_old_content":"","_et_gb_content_width":"","iawp_total_views":19054,"footnotes":""},"class_list":["post-57","page","type-page","status-publish","hentry"],"_links":{"self":[{"href":"https:\/\/campingadler.com\/en\/wp-json\/wp\/v2\/pages\/57","targetHints":{"allow":["GET"]}}],"collection":[{"href":"https:\/\/campingadler.com\/en\/wp-json\/wp\/v2\/pages"}],"about":[{"href":"https:\/\/campingadler.com\/en\/wp-json\/wp\/v2\/types\/page"}],"author":[{"embeddable":true,"href":"https:\/\/campingadler.com\/en\/wp-json\/wp\/v2\/users\/1"}],"replies":[{"embeddable":true,"href":"https:\/\/campingadler.com\/en\/wp-json\/wp\/v2\/comments?post=57"}],"version-history":[{"count":75,"href":"https:\/\/campingadler.com\/en\/wp-json\/wp\/v2\/pages\/57\/revisions"}],"predecessor-version":[{"id":987510510,"href":"https:\/\/campingadler.com\/en\/wp-json\/wp\/v2\/pages\/57\/revisions\/987510510"}],"wp:attachment":[{"href":"https:\/\/campingadler.com\/en\/wp-json\/wp\/v2\/media?parent=57"}],"curies":[{"name":"wp","href":"https:\/\/api.w.org\/{rel}","templated":true}]}}